{"id":3768,"date":"2025-07-10T21:52:10","date_gmt":"2025-07-10T21:52:10","guid":{"rendered":"https:\/\/librosdeoro.cafam.com.co\/libro2020\/?page_id=3768"},"modified":"2025-07-10T21:52:11","modified_gmt":"2025-07-10T21:52:11","slug":"yudely-mosquera-valencia","status":"publish","type":"page","link":"https:\/\/librosdeoro.cafam.com.co\/libro2020\/yudely-mosquera-valencia\/","title":{"rendered":"Yudely Mosquera Valencia"},"content":{"rendered":"<div class=\"wp-block-image\">\n<figure class=\"aligncenter\"><img decoding=\"async\" src=\"https:\/\/librosdeoro.cafam.com.co\/wp-content\/uploads\/sites\/9\/2020\/02\/CHOCO-YUDELY-MOSQUERA-VALENCIA-IMAV_0663.jpg\" alt=\"\" class=\"wp-image-1677\" \/><\/figure><\/div>\n\n\n<h3 class=\"wp-block-heading\"><\/h3>\n\n\n\n<h1 class=\"wp-block-heading\">Yudely Mosquera Valencia<\/h1>\n\n\n\n<h2 class=\"wp-block-heading\">Mujer Cafam Choc\u00f3<\/h2>\n\n\n\n<h3 class=\"wp-block-heading\">Resiliencia para un mejor futuro<\/h3>\n\n\n\n<figure class=\"wp-block-table\"><table class=\"has-fixed-layout\"><tbody><tr><td colspan=\"2\">La proximidad al oc\u00e9ano Pac\u00edfico del municipio de Medio Baud\u00f3 ejerce enorme influencia en sus gentes, su comercio, su infraestructura y en su comunidad marcada por los asentamientos ind\u00edgenas y los afrocolombianos. Y para ambas poblaciones la tierra representa un medio de subsistencia y una manera \u00fanica de estrechar lazos familiares. Yudely creci\u00f3 en este entorno, en medio de sus tradiciones afros, su familia y su cultura; sin embargo, fue testigo de la ruptura de su tejido social, y de su misma piel, debido a la presencia de grupos al margen de la ley (guerrillas, autodefensas, bacrim, disidencia o residuales). Estos impon\u00edan su voluntad, sus costumbres, sus temores y sus resentimientos en Pie de Pep\u00e9 corregimiento donde Yudely vive y que tambi\u00e9n fue v\u00edctima del conflicto armado. Pero el Acuerdo de Paz del a\u00f1o 2016 permite que las v\u00edctimas salgan del anonimato, por lo que Yudely cre\u00f3 la Asociaci\u00f3n de Mujeres Productoras del R\u00edo Pep\u00e9 &#8211; Asomupep\u00e9, con 32 lideresas que v\u00edctimas del conflicto armado y que ven en la Asociaci\u00f3n la oportunidad de rehacer sus vidas, sinti\u00e9ndose \u00fatiles y emprendedoras desde las potencialidades de su territorio y ser multiplicadoras de nuevos liderazgos.<\/td><td colspan=\"2\">En este marco, desde Asomupep\u00e9 se han realizado acciones de orientaci\u00f3n productiva en la modalidad de recuperaci\u00f3n de pr\u00e1cticas culturales afroancestrales con cultivos en azoteas o de pancoger en alianza estrat\u00e9gica con la Umata del Medio Baud\u00f3. De igual forma, se han representado a las v\u00edctimas del conflicto armado en espacios municipales, regionales y nacionales, donde el resultado ha sido la reivindicaci\u00f3n de derechos, indemnizaci\u00f3n para mujeres v\u00edctimas, capacitaci\u00f3n continua y participaci\u00f3n en diversos foros y seminarios nacionales. En la actualidad la organizaci\u00f3n asume sus responsabilidades y representaci\u00f3n legal, mediante recursos propios y el apoyo social de la Personer\u00eda Municipal del Medio Baud\u00f3.<\/td><\/tr><\/tbody><\/table><\/figure>\n\n\n\n<figure class=\"wp-block-table\"><table class=\"has-fixed-layout\"><tbody><tr><td>\u00bfQui\u00e9n es Yudely? Yudely naci\u00f3 en Pie de Pep\u00e9, Medio Baud\u00f3, Choc\u00f3, el 28 de julio de 1987, es enfermera y cursa Ingenier\u00eda Ambiental en la Universidad Tecnol\u00f3gica del Choc\u00f3; emprende acciones de mejoramiento continuo sobre la base del liderazgo social y comunitario aunado al emprendimiento. \u201cAsomupep\u00e9 \u2013dice Yudeli\u2013 es una entidad sin \u00e1nimo de lucro que propende por el desarrollo econ\u00f3mico, social, ambiental, productivo y cultural de las comunidades o diferentes grupos sociales en el territorio municipal, basada en la promoci\u00f3n y desarrollo de procesos autosostenibles, mediante la aplicaci\u00f3n de proyectos acordes con los entornos ambientales. Adem\u00e1s, la Asociaci\u00f3n propende por valorar, recuperar e implementar t\u00e9cnicas alternativas para el desarrollo humano y generar el mejoramiento de la calidad de vida de los productores agropecuarios del Medio Baud\u00f3\u201d.<\/td><\/tr><\/tbody><\/table><\/figure>\n\n\n\n<figure class=\"wp-block-table\"><table class=\"has-fixed-layout\"><tbody><tr><td><img loading=\"lazy\" decoding=\"async\" src=\"https:\/\/librosdeoro.cafam.com.co\/wp-content\/uploads\/sites\/9\/2020\/09\/Choco.png\" alt=\"\" width=\"950\" height=\"525\"><\/td><\/tr><\/tbody><\/table><\/figure>\n\n\n\n<div class=\"wp-block-buttons is-content-justification-center is-layout-flex wp-container-core-buttons-is-layout-16018d1d wp-block-buttons-is-layout-flex\">\n<div class=\"wp-block-button is-style-fill\" id=\"https:\/\/librosdeoro.cafam.com.co\/libro2020\/mujeres-cafam-1989-2019\/\"><a class=\"wp-block-button__link has-col-f-9-f-9-f-9-color has-col-a-0-bd-3-f-background-color has-text-color has-background has-link-color wp-element-button\" href=\"https:\/\/librosdeoro.cafam.com.co\/libro2020\/mujeres-finalistas\/\" style=\"border-radius:16px\">Volver<\/a><\/div>\n<\/div>\n","protected":false},"excerpt":{"rendered":"<p>Yudely Mosquera Valencia Mujer Cafam Choc\u00f3 Resiliencia para un mejor futuro La proximidad al oc\u00e9ano Pac\u00edfico del municipio de Medio Baud\u00f3 ejerce enorme influencia en sus gentes, su comercio, su infraestructura y en su comunidad marcada por los asentamientos ind\u00edgenas y los afrocolombianos. Y para ambas poblaciones la tierra representa un medio de subsistencia y [&hellip;]<\/p>\n","protected":false},"author":4,"featured_media":0,"parent":0,"menu_order":0,"comment_status":"closed","ping_status":"closed","template":"","meta":{"footnotes":""},"class_list":["post-3768","page","type-page","status-publish","hentry"],"yoast_head":"<!-- This site is optimized with the Yoast SEO plugin v23.1 - https:\/\/yoast.com\/wordpress\/plugins\/seo\/ -->\n<title>Yudely Mosquera Valencia - Libros de Oro 2020<\/title>\n<meta name=\"robots\" content=\"index, follow, max-snippet:-1, max-image-preview:large, max-video-preview:-1\" \/>\n<link rel=\"canonical\" href=\"https:\/\/librosdeoro.cafam.com.co\/libro2020\/yudely-mosquera-valencia\/\" \/>\n<meta property=\"og:locale\" content=\"es_ES\" \/>\n<meta property=\"og:type\" content=\"article\" \/>\n<meta property=\"og:title\" content=\"Yudely Mosquera Valencia - Libros de Oro 2020\" \/>\n<meta property=\"og:description\" content=\"Yudely Mosquera Valencia Mujer Cafam Choc\u00f3 Resiliencia para un mejor futuro La proximidad al oc\u00e9ano Pac\u00edfico del municipio de Medio Baud\u00f3 ejerce enorme influencia en sus gentes, su comercio, su infraestructura y en su comunidad marcada por los asentamientos ind\u00edgenas y los afrocolombianos. Y para ambas poblaciones la tierra representa un medio de subsistencia y [&hellip;]\" \/>\n<meta property=\"og:url\" content=\"https:\/\/librosdeoro.cafam.com.co\/libro2020\/yudely-mosquera-valencia\/\" \/>\n<meta property=\"og:site_name\" content=\"Libros de Oro 2020\" \/>\n<meta property=\"article:modified_time\" content=\"2025-07-10T21:52:11+00:00\" \/>\n<meta property=\"og:image\" content=\"https:\/\/librosdeoro.cafam.com.co\/wp-content\/uploads\/sites\/9\/2020\/02\/CHOCO-YUDELY-MOSQUERA-VALENCIA-IMAV_0663.jpg\" \/>\n<meta name=\"twitter:card\" content=\"summary_large_image\" \/>\n<meta name=\"twitter:label1\" content=\"Tiempo de lectura\" \/>\n\t<meta name=\"twitter:data1\" content=\"3 minutos\" \/>\n<script type=\"application\/ld+json\" class=\"yoast-schema-graph\">{\"@context\":\"https:\/\/schema.org\",\"@graph\":[{\"@type\":\"WebPage\",\"@id\":\"https:\/\/librosdeoro.cafam.com.co\/libro2020\/yudely-mosquera-valencia\/\",\"url\":\"https:\/\/librosdeoro.cafam.com.co\/libro2020\/yudely-mosquera-valencia\/\",\"name\":\"Yudely Mosquera Valencia - Libros de Oro 2020\",\"isPartOf\":{\"@id\":\"https:\/\/librosdeoro.cafam.com.co\/libro2020\/#website\"},\"primaryImageOfPage\":{\"@id\":\"https:\/\/librosdeoro.cafam.com.co\/libro2020\/yudely-mosquera-valencia\/#primaryimage\"},\"image\":{\"@id\":\"https:\/\/librosdeoro.cafam.com.co\/libro2020\/yudely-mosquera-valencia\/#primaryimage\"},\"thumbnailUrl\":\"https:\/\/librosdeoro.cafam.com.co\/wp-content\/uploads\/sites\/9\/2020\/02\/CHOCO-YUDELY-MOSQUERA-VALENCIA-IMAV_0663.jpg\",\"datePublished\":\"2025-07-10T21:52:10+00:00\",\"dateModified\":\"2025-07-10T21:52:11+00:00\",\"breadcrumb\":{\"@id\":\"https:\/\/librosdeoro.cafam.com.co\/libro2020\/yudely-mosquera-valencia\/#breadcrumb\"},\"inLanguage\":\"es-CO\",\"potentialAction\":[{\"@type\":\"ReadAction\",\"target\":[\"https:\/\/librosdeoro.cafam.com.co\/libro2020\/yudely-mosquera-valencia\/\"]}]},{\"@type\":\"ImageObject\",\"inLanguage\":\"es-CO\",\"@id\":\"https:\/\/librosdeoro.cafam.com.co\/libro2020\/yudely-mosquera-valencia\/#primaryimage\",\"url\":\"https:\/\/librosdeoro.cafam.com.co\/wp-content\/uploads\/sites\/9\/2020\/02\/CHOCO-YUDELY-MOSQUERA-VALENCIA-IMAV_0663.jpg\",\"contentUrl\":\"https:\/\/librosdeoro.cafam.com.co\/wp-content\/uploads\/sites\/9\/2020\/02\/CHOCO-YUDELY-MOSQUERA-VALENCIA-IMAV_0663.jpg\"},{\"@type\":\"BreadcrumbList\",\"@id\":\"https:\/\/librosdeoro.cafam.com.co\/libro2020\/yudely-mosquera-valencia\/#breadcrumb\",\"itemListElement\":[{\"@type\":\"ListItem\",\"position\":1,\"name\":\"Home\",\"item\":\"https:\/\/librosdeoro.cafam.com.co\/libro2020\/\"},{\"@type\":\"ListItem\",\"position\":2,\"name\":\"Yudely Mosquera Valencia\"}]},{\"@type\":\"WebSite\",\"@id\":\"https:\/\/librosdeoro.cafam.com.co\/libro2020\/#website\",\"url\":\"https:\/\/librosdeoro.cafam.com.co\/libro2020\/\",\"name\":\"Libros de Oro 2020\",\"description\":\"\",\"potentialAction\":[{\"@type\":\"SearchAction\",\"target\":{\"@type\":\"EntryPoint\",\"urlTemplate\":\"https:\/\/librosdeoro.cafam.com.co\/libro2020\/?s={search_term_string}\"},\"query-input\":\"required name=search_term_string\"}],\"inLanguage\":\"es-CO\"}]}<\/script>\n<!-- \/ Yoast SEO plugin. -->","yoast_head_json":{"title":"Yudely Mosquera Valencia - Libros de Oro 2020","robots":{"index":"index","follow":"follow","max-snippet":"max-snippet:-1","max-image-preview":"max-image-preview:large","max-video-preview":"max-video-preview:-1"},"canonical":"https:\/\/librosdeoro.cafam.com.co\/libro2020\/yudely-mosquera-valencia\/","og_locale":"es_ES","og_type":"article","og_title":"Yudely Mosquera Valencia - Libros de Oro 2020","og_description":"Yudely Mosquera Valencia Mujer Cafam Choc\u00f3 Resiliencia para un mejor futuro La proximidad al oc\u00e9ano Pac\u00edfico del municipio de Medio Baud\u00f3 ejerce enorme influencia en sus gentes, su comercio, su infraestructura y en su comunidad marcada por los asentamientos ind\u00edgenas y los afrocolombianos. Y para ambas poblaciones la tierra representa un medio de subsistencia y [&hellip;]","og_url":"https:\/\/librosdeoro.cafam.com.co\/libro2020\/yudely-mosquera-valencia\/","og_site_name":"Libros de Oro 2020","article_modified_time":"2025-07-10T21:52:11+00:00","og_image":[{"url":"https:\/\/librosdeoro.cafam.com.co\/wp-content\/uploads\/sites\/9\/2020\/02\/CHOCO-YUDELY-MOSQUERA-VALENCIA-IMAV_0663.jpg"}],"twitter_card":"summary_large_image","twitter_misc":{"Tiempo de lectura":"3 minutos"},"schema":{"@context":"https:\/\/schema.org","@graph":[{"@type":"WebPage","@id":"https:\/\/librosdeoro.cafam.com.co\/libro2020\/yudely-mosquera-valencia\/","url":"https:\/\/librosdeoro.cafam.com.co\/libro2020\/yudely-mosquera-valencia\/","name":"Yudely Mosquera Valencia - Libros de Oro 2020","isPartOf":{"@id":"https:\/\/librosdeoro.cafam.com.co\/libro2020\/#website"},"primaryImageOfPage":{"@id":"https:\/\/librosdeoro.cafam.com.co\/libro2020\/yudely-mosquera-valencia\/#primaryimage"},"image":{"@id":"https:\/\/librosdeoro.cafam.com.co\/libro2020\/yudely-mosquera-valencia\/#primaryimage"},"thumbnailUrl":"https:\/\/librosdeoro.cafam.com.co\/wp-content\/uploads\/sites\/9\/2020\/02\/CHOCO-YUDELY-MOSQUERA-VALENCIA-IMAV_0663.jpg","datePublished":"2025-07-10T21:52:10+00:00","dateModified":"2025-07-10T21:52:11+00:00","breadcrumb":{"@id":"https:\/\/librosdeoro.cafam.com.co\/libro2020\/yudely-mosquera-valencia\/#breadcrumb"},"inLanguage":"es-CO","potentialAction":[{"@type":"ReadAction","target":["https:\/\/librosdeoro.cafam.com.co\/libro2020\/yudely-mosquera-valencia\/"]}]},{"@type":"ImageObject","inLanguage":"es-CO","@id":"https:\/\/librosdeoro.cafam.com.co\/libro2020\/yudely-mosquera-valencia\/#primaryimage","url":"https:\/\/librosdeoro.cafam.com.co\/wp-content\/uploads\/sites\/9\/2020\/02\/CHOCO-YUDELY-MOSQUERA-VALENCIA-IMAV_0663.jpg","contentUrl":"https:\/\/librosdeoro.cafam.com.co\/wp-content\/uploads\/sites\/9\/2020\/02\/CHOCO-YUDELY-MOSQUERA-VALENCIA-IMAV_0663.jpg"},{"@type":"BreadcrumbList","@id":"https:\/\/librosdeoro.cafam.com.co\/libro2020\/yudely-mosquera-valencia\/#breadcrumb","itemListElement":[{"@type":"ListItem","position":1,"name":"Home","item":"https:\/\/librosdeoro.cafam.com.co\/libro2020\/"},{"@type":"ListItem","position":2,"name":"Yudely Mosquera Valencia"}]},{"@type":"WebSite","@id":"https:\/\/librosdeoro.cafam.com.co\/libro2020\/#website","url":"https:\/\/librosdeoro.cafam.com.co\/libro2020\/","name":"Libros de Oro 2020","description":"","potentialAction":[{"@type":"SearchAction","target":{"@type":"EntryPoint","urlTemplate":"https:\/\/librosdeoro.cafam.com.co\/libro2020\/?s={search_term_string}"},"query-input":"required name=search_term_string"}],"inLanguage":"es-CO"}]}},"_links":{"self":[{"href":"https:\/\/librosdeoro.cafam.com.co\/libro2020\/wp-json\/wp\/v2\/pages\/3768","targetHints":{"allow":["GET"]}}],"collection":[{"href":"https:\/\/librosdeoro.cafam.com.co\/libro2020\/wp-json\/wp\/v2\/pages"}],"about":[{"href":"https:\/\/librosdeoro.cafam.com.co\/libro2020\/wp-json\/wp\/v2\/types\/page"}],"author":[{"embeddable":true,"href":"https:\/\/librosdeoro.cafam.com.co\/libro2020\/wp-json\/wp\/v2\/users\/4"}],"replies":[{"embeddable":true,"href":"https:\/\/librosdeoro.cafam.com.co\/libro2020\/wp-json\/wp\/v2\/comments?post=3768"}],"version-history":[{"count":1,"href":"https:\/\/librosdeoro.cafam.com.co\/libro2020\/wp-json\/wp\/v2\/pages\/3768\/revisions"}],"predecessor-version":[{"id":3770,"href":"https:\/\/librosdeoro.cafam.com.co\/libro2020\/wp-json\/wp\/v2\/pages\/3768\/revisions\/3770"}],"wp:attachment":[{"href":"https:\/\/librosdeoro.cafam.com.co\/libro2020\/wp-json\/wp\/v2\/media?parent=3768"}],"curies":[{"name":"wp","href":"https:\/\/api.w.org\/{rel}","templated":true}]}}