{"id":3745,"date":"2025-07-10T21:14:37","date_gmt":"2025-07-10T21:14:37","guid":{"rendered":"https:\/\/librosdeoro.cafam.com.co\/libro2020\/?page_id=3745"},"modified":"2025-07-10T21:14:37","modified_gmt":"2025-07-10T21:14:37","slug":"maria-isabel-cabarcas-aguilar","status":"publish","type":"page","link":"https:\/\/librosdeoro.cafam.com.co\/libro2020\/maria-isabel-cabarcas-aguilar\/","title":{"rendered":"Mar\u00eda Isabel Cabarcas Aguilar"},"content":{"rendered":"<div class=\"wp-block-image\">\n<figure class=\"aligncenter\"><img decoding=\"async\" src=\"https:\/\/librosdeoro.cafam.com.co\/wp-content\/uploads\/sites\/9\/2020\/02\/GUAJIRA-MARIA-ISABEL-CABARCAS-AGUILAR-IMAV_1087.jpg\" alt=\"\" class=\"wp-image-1677\" \/><\/figure><\/div>\n\n\n<h3 class=\"wp-block-heading\"><\/h3>\n\n\n\n<h1 class=\"wp-block-heading\">Mar\u00eda Isabel Cabarcas Aguilar<\/h1>\n\n\n\n<h2 class=\"wp-block-heading\">Mujer Cafam La Guajira<\/h2>\n\n\n\n<h3 class=\"wp-block-heading\">La gratitud es la memoria del coraz\u00f3n<\/h3>\n\n\n\n<figure class=\"wp-block-table\"><table class=\"has-fixed-layout\"><tbody><tr><td colspan=\"2\">Los rayos del sol del m\u00e1gico Caribe se funden con el misticismo y las tradiciones que encierra la cultura way\u00fau que predomina en La Guajira: esa bella, extensa y m\u00e1gica Colombia que llama la atenci\u00f3n de extra\u00f1os y propios; pero que tambi\u00e9n alberga una realidad que toca los corazones de todos los guajiros. Y esta realidad no es ajena Mar\u00eda Isabel, por lo que desde el a\u00f1o 2015 lidera una causa social desde la Fundaci\u00f3n Compartamos la Felicidad gracias al apoyo de amigos y familiares, llevando alegr\u00eda a trav\u00e9s de la l\u00fadica a las ni\u00f1as y ni\u00f1os del departamento de La Guajira. Una de sus primeras actividades fue &#8220;Cumplea\u00f1os con un prop\u00f3sito&#8221; para los ni\u00f1os y ni\u00f1as de 0 a 5 a\u00f1os, del Barrio Villa F\u00e1tima en Riohacha. Luego vino, de la mano de la Fundaci\u00f3n Sol Azul que dirige la ex Se\u00f1orita Guajira Rossana Redondo, la primera actividad en la comunidad way\u00fau de Cangrejito gracias al apoyo de familiares y amigos quienes hab\u00edan donado, ropa, zapatos, juguetes y golosinas para entregarles a las ni\u00f1as y ni\u00f1os de esa zona cercana al casco urbano de Riohacha.<\/td><td colspan=\"2\">La Fundaci\u00f3n Compartamos la Felicidad, cuenta un voluntariado de m\u00e1s 50 personas en calidad de miembros fundadores de la misma, para promover la salud, el bienestar, la protecci\u00f3n, la recreaci\u00f3n y la defensa de los derechos de los ni\u00f1os y las ni\u00f1as de las comunidades ind\u00edgenas, sectores vulnerables y en general de del departamento de La Guajira a trav\u00e9s de la ejecuci\u00f3n de planes, programas, proyectos y actividades propios o en alianza, nacional e internacionalmente, mediante el est\u00edmulo permanente de la iniciativa empresarial en la regi\u00f3n a trav\u00e9s del desarrollo individual o colectivo de planes, programas y proyectos.<\/td><\/tr><\/tbody><\/table><\/figure>\n\n\n\n<figure class=\"wp-block-table\"><table class=\"has-fixed-layout\"><tbody><tr><td>\u00bfQui\u00e9n es Mar\u00eda Isabel? Mar\u00eda Isabel naci\u00f3 en Riohacha el 6 de junio de 1980, es abogada de la Universidad Santo Tom\u00e1s de Bucaramanga y Trabajadora Social de la Universidad de La Guajira. Dice Mar\u00eda Isabel que: \u201cCangrejito se convirti\u00f3 en la comunidad insigne del accionar de la Fundaci\u00f3n. Es un resguardo ind\u00edgena ubicado al nororiente de Riohacha, de aproximadamente 1.000 habitantes, quienes en su mayor\u00eda se dedican a la pesca, al pastoreo y a las artesan\u00edas como actividades econ\u00f3micas y de sustento de su modo de vida. Su autoridad tradicional es el se\u00f1or Enrique Gouriy\u00fa quien ha permito que realicemos todas las actividades en favor de los m\u00e1s peque\u00f1os, pues all\u00ed habitan m\u00e1s de 300 ni\u00f1os, ni\u00f1as y j\u00f3venes\u201d. Entre los patrocinadores permanentes de las actividades, se encuentran empresas como Chevron, Aeropuertos de Oriente, Armada Nacional de Colombia, Inversiones Suarzul, ASSA, Avant Plast, Farma de Colombia, Revista Enfoque Caribe, entre otras.<\/td><\/tr><\/tbody><\/table><\/figure>\n\n\n\n<figure class=\"wp-block-table\"><table class=\"has-fixed-layout\"><tbody><tr><td><img loading=\"lazy\" decoding=\"async\" src=\"https:\/\/librosdeoro.cafam.com.co\/wp-content\/uploads\/sites\/9\/2020\/09\/Guajira.png\" alt=\"\" width=\"950\" height=\"525\"><\/td><\/tr><\/tbody><\/table><\/figure>\n\n\n\n<div class=\"wp-block-buttons is-content-justification-center is-layout-flex wp-container-core-buttons-is-layout-16018d1d wp-block-buttons-is-layout-flex\">\n<div class=\"wp-block-button is-style-fill\" id=\"https:\/\/librosdeoro.cafam.com.co\/libro2020\/mujeres-cafam-1989-2019\/\"><a class=\"wp-block-button__link has-col-f-9-f-9-f-9-color has-col-a-0-bd-3-f-background-color has-text-color has-background has-link-color wp-element-button\" href=\"https:\/\/librosdeoro.cafam.com.co\/libro2020\/mujeres-finalistas\/\" style=\"border-radius:16px\">Volver<\/a><\/div>\n<\/div>\n","protected":false},"excerpt":{"rendered":"<p>Mar\u00eda Isabel Cabarcas Aguilar Mujer Cafam La Guajira La gratitud es la memoria del coraz\u00f3n Los rayos del sol del m\u00e1gico Caribe se funden con el misticismo y las tradiciones que encierra la cultura way\u00fau que predomina en La Guajira: esa bella, extensa y m\u00e1gica Colombia que llama la atenci\u00f3n de extra\u00f1os y propios; pero [&hellip;]<\/p>\n","protected":false},"author":4,"featured_media":0,"parent":0,"menu_order":0,"comment_status":"closed","ping_status":"closed","template":"","meta":{"footnotes":""},"class_list":["post-3745","page","type-page","status-publish","hentry"],"yoast_head":"<!-- This site is optimized with the Yoast SEO plugin v23.1 - https:\/\/yoast.com\/wordpress\/plugins\/seo\/ -->\n<title>Mar\u00eda Isabel Cabarcas Aguilar - Libros de Oro 2020<\/title>\n<meta name=\"robots\" content=\"index, follow, max-snippet:-1, max-image-preview:large, max-video-preview:-1\" \/>\n<link rel=\"canonical\" href=\"https:\/\/librosdeoro.cafam.com.co\/libro2020\/maria-isabel-cabarcas-aguilar\/\" \/>\n<meta property=\"og:locale\" content=\"es_ES\" \/>\n<meta property=\"og:type\" content=\"article\" \/>\n<meta property=\"og:title\" content=\"Mar\u00eda Isabel Cabarcas Aguilar - Libros de Oro 2020\" \/>\n<meta property=\"og:description\" content=\"Mar\u00eda Isabel Cabarcas Aguilar Mujer Cafam La Guajira La gratitud es la memoria del coraz\u00f3n Los rayos del sol del m\u00e1gico Caribe se funden con el misticismo y las tradiciones que encierra la cultura way\u00fau que predomina en La Guajira: esa bella, extensa y m\u00e1gica Colombia que llama la atenci\u00f3n de extra\u00f1os y propios; pero [&hellip;]\" \/>\n<meta property=\"og:url\" content=\"https:\/\/librosdeoro.cafam.com.co\/libro2020\/maria-isabel-cabarcas-aguilar\/\" \/>\n<meta property=\"og:site_name\" content=\"Libros de Oro 2020\" \/>\n<meta property=\"og:image\" content=\"https:\/\/librosdeoro.cafam.com.co\/wp-content\/uploads\/sites\/9\/2020\/02\/GUAJIRA-MARIA-ISABEL-CABARCAS-AGUILAR-IMAV_1087.jpg\" \/>\n<meta name=\"twitter:card\" content=\"summary_large_image\" \/>\n<meta name=\"twitter:label1\" content=\"Tiempo de lectura\" \/>\n\t<meta name=\"twitter:data1\" content=\"3 minutos\" \/>\n<script type=\"application\/ld+json\" class=\"yoast-schema-graph\">{\"@context\":\"https:\/\/schema.org\",\"@graph\":[{\"@type\":\"WebPage\",\"@id\":\"https:\/\/librosdeoro.cafam.com.co\/libro2020\/maria-isabel-cabarcas-aguilar\/\",\"url\":\"https:\/\/librosdeoro.cafam.com.co\/libro2020\/maria-isabel-cabarcas-aguilar\/\",\"name\":\"Mar\u00eda Isabel Cabarcas Aguilar - Libros de Oro 2020\",\"isPartOf\":{\"@id\":\"https:\/\/librosdeoro.cafam.com.co\/libro2020\/#website\"},\"primaryImageOfPage\":{\"@id\":\"https:\/\/librosdeoro.cafam.com.co\/libro2020\/maria-isabel-cabarcas-aguilar\/#primaryimage\"},\"image\":{\"@id\":\"https:\/\/librosdeoro.cafam.com.co\/libro2020\/maria-isabel-cabarcas-aguilar\/#primaryimage\"},\"thumbnailUrl\":\"https:\/\/librosdeoro.cafam.com.co\/wp-content\/uploads\/sites\/9\/2020\/02\/GUAJIRA-MARIA-ISABEL-CABARCAS-AGUILAR-IMAV_1087.jpg\",\"datePublished\":\"2025-07-10T21:14:37+00:00\",\"dateModified\":\"2025-07-10T21:14:37+00:00\",\"breadcrumb\":{\"@id\":\"https:\/\/librosdeoro.cafam.com.co\/libro2020\/maria-isabel-cabarcas-aguilar\/#breadcrumb\"},\"inLanguage\":\"es-CO\",\"potentialAction\":[{\"@type\":\"ReadAction\",\"target\":[\"https:\/\/librosdeoro.cafam.com.co\/libro2020\/maria-isabel-cabarcas-aguilar\/\"]}]},{\"@type\":\"ImageObject\",\"inLanguage\":\"es-CO\",\"@id\":\"https:\/\/librosdeoro.cafam.com.co\/libro2020\/maria-isabel-cabarcas-aguilar\/#primaryimage\",\"url\":\"https:\/\/librosdeoro.cafam.com.co\/wp-content\/uploads\/sites\/9\/2020\/02\/GUAJIRA-MARIA-ISABEL-CABARCAS-AGUILAR-IMAV_1087.jpg\",\"contentUrl\":\"https:\/\/librosdeoro.cafam.com.co\/wp-content\/uploads\/sites\/9\/2020\/02\/GUAJIRA-MARIA-ISABEL-CABARCAS-AGUILAR-IMAV_1087.jpg\"},{\"@type\":\"BreadcrumbList\",\"@id\":\"https:\/\/librosdeoro.cafam.com.co\/libro2020\/maria-isabel-cabarcas-aguilar\/#breadcrumb\",\"itemListElement\":[{\"@type\":\"ListItem\",\"position\":1,\"name\":\"Home\",\"item\":\"https:\/\/librosdeoro.cafam.com.co\/libro2020\/\"},{\"@type\":\"ListItem\",\"position\":2,\"name\":\"Mar\u00eda Isabel Cabarcas Aguilar\"}]},{\"@type\":\"WebSite\",\"@id\":\"https:\/\/librosdeoro.cafam.com.co\/libro2020\/#website\",\"url\":\"https:\/\/librosdeoro.cafam.com.co\/libro2020\/\",\"name\":\"Libros de Oro 2020\",\"description\":\"\",\"potentialAction\":[{\"@type\":\"SearchAction\",\"target\":{\"@type\":\"EntryPoint\",\"urlTemplate\":\"https:\/\/librosdeoro.cafam.com.co\/libro2020\/?s={search_term_string}\"},\"query-input\":\"required name=search_term_string\"}],\"inLanguage\":\"es-CO\"}]}<\/script>\n<!-- \/ Yoast SEO plugin. -->","yoast_head_json":{"title":"Mar\u00eda Isabel Cabarcas Aguilar - Libros de Oro 2020","robots":{"index":"index","follow":"follow","max-snippet":"max-snippet:-1","max-image-preview":"max-image-preview:large","max-video-preview":"max-video-preview:-1"},"canonical":"https:\/\/librosdeoro.cafam.com.co\/libro2020\/maria-isabel-cabarcas-aguilar\/","og_locale":"es_ES","og_type":"article","og_title":"Mar\u00eda Isabel Cabarcas Aguilar - Libros de Oro 2020","og_description":"Mar\u00eda Isabel Cabarcas Aguilar Mujer Cafam La Guajira La gratitud es la memoria del coraz\u00f3n Los rayos del sol del m\u00e1gico Caribe se funden con el misticismo y las tradiciones que encierra la cultura way\u00fau que predomina en La Guajira: esa bella, extensa y m\u00e1gica Colombia que llama la atenci\u00f3n de extra\u00f1os y propios; pero [&hellip;]","og_url":"https:\/\/librosdeoro.cafam.com.co\/libro2020\/maria-isabel-cabarcas-aguilar\/","og_site_name":"Libros de Oro 2020","og_image":[{"url":"https:\/\/librosdeoro.cafam.com.co\/wp-content\/uploads\/sites\/9\/2020\/02\/GUAJIRA-MARIA-ISABEL-CABARCAS-AGUILAR-IMAV_1087.jpg"}],"twitter_card":"summary_large_image","twitter_misc":{"Tiempo de lectura":"3 minutos"},"schema":{"@context":"https:\/\/schema.org","@graph":[{"@type":"WebPage","@id":"https:\/\/librosdeoro.cafam.com.co\/libro2020\/maria-isabel-cabarcas-aguilar\/","url":"https:\/\/librosdeoro.cafam.com.co\/libro2020\/maria-isabel-cabarcas-aguilar\/","name":"Mar\u00eda Isabel Cabarcas Aguilar - Libros de Oro 2020","isPartOf":{"@id":"https:\/\/librosdeoro.cafam.com.co\/libro2020\/#website"},"primaryImageOfPage":{"@id":"https:\/\/librosdeoro.cafam.com.co\/libro2020\/maria-isabel-cabarcas-aguilar\/#primaryimage"},"image":{"@id":"https:\/\/librosdeoro.cafam.com.co\/libro2020\/maria-isabel-cabarcas-aguilar\/#primaryimage"},"thumbnailUrl":"https:\/\/librosdeoro.cafam.com.co\/wp-content\/uploads\/sites\/9\/2020\/02\/GUAJIRA-MARIA-ISABEL-CABARCAS-AGUILAR-IMAV_1087.jpg","datePublished":"2025-07-10T21:14:37+00:00","dateModified":"2025-07-10T21:14:37+00:00","breadcrumb":{"@id":"https:\/\/librosdeoro.cafam.com.co\/libro2020\/maria-isabel-cabarcas-aguilar\/#breadcrumb"},"inLanguage":"es-CO","potentialAction":[{"@type":"ReadAction","target":["https:\/\/librosdeoro.cafam.com.co\/libro2020\/maria-isabel-cabarcas-aguilar\/"]}]},{"@type":"ImageObject","inLanguage":"es-CO","@id":"https:\/\/librosdeoro.cafam.com.co\/libro2020\/maria-isabel-cabarcas-aguilar\/#primaryimage","url":"https:\/\/librosdeoro.cafam.com.co\/wp-content\/uploads\/sites\/9\/2020\/02\/GUAJIRA-MARIA-ISABEL-CABARCAS-AGUILAR-IMAV_1087.jpg","contentUrl":"https:\/\/librosdeoro.cafam.com.co\/wp-content\/uploads\/sites\/9\/2020\/02\/GUAJIRA-MARIA-ISABEL-CABARCAS-AGUILAR-IMAV_1087.jpg"},{"@type":"BreadcrumbList","@id":"https:\/\/librosdeoro.cafam.com.co\/libro2020\/maria-isabel-cabarcas-aguilar\/#breadcrumb","itemListElement":[{"@type":"ListItem","position":1,"name":"Home","item":"https:\/\/librosdeoro.cafam.com.co\/libro2020\/"},{"@type":"ListItem","position":2,"name":"Mar\u00eda Isabel Cabarcas Aguilar"}]},{"@type":"WebSite","@id":"https:\/\/librosdeoro.cafam.com.co\/libro2020\/#website","url":"https:\/\/librosdeoro.cafam.com.co\/libro2020\/","name":"Libros de Oro 2020","description":"","potentialAction":[{"@type":"SearchAction","target":{"@type":"EntryPoint","urlTemplate":"https:\/\/librosdeoro.cafam.com.co\/libro2020\/?s={search_term_string}"},"query-input":"required name=search_term_string"}],"inLanguage":"es-CO"}]}},"_links":{"self":[{"href":"https:\/\/librosdeoro.cafam.com.co\/libro2020\/wp-json\/wp\/v2\/pages\/3745","targetHints":{"allow":["GET"]}}],"collection":[{"href":"https:\/\/librosdeoro.cafam.com.co\/libro2020\/wp-json\/wp\/v2\/pages"}],"about":[{"href":"https:\/\/librosdeoro.cafam.com.co\/libro2020\/wp-json\/wp\/v2\/types\/page"}],"author":[{"embeddable":true,"href":"https:\/\/librosdeoro.cafam.com.co\/libro2020\/wp-json\/wp\/v2\/users\/4"}],"replies":[{"embeddable":true,"href":"https:\/\/librosdeoro.cafam.com.co\/libro2020\/wp-json\/wp\/v2\/comments?post=3745"}],"version-history":[{"count":1,"href":"https:\/\/librosdeoro.cafam.com.co\/libro2020\/wp-json\/wp\/v2\/pages\/3745\/revisions"}],"predecessor-version":[{"id":3747,"href":"https:\/\/librosdeoro.cafam.com.co\/libro2020\/wp-json\/wp\/v2\/pages\/3745\/revisions\/3747"}],"wp:attachment":[{"href":"https:\/\/librosdeoro.cafam.com.co\/libro2020\/wp-json\/wp\/v2\/media?parent=3745"}],"curies":[{"name":"wp","href":"https:\/\/api.w.org\/{rel}","templated":true}]}}