{"id":3724,"date":"2025-07-10T19:40:56","date_gmt":"2025-07-10T19:40:56","guid":{"rendered":"https:\/\/librosdeoro.cafam.com.co\/libro2020\/?page_id=3724"},"modified":"2025-07-10T19:40:57","modified_gmt":"2025-07-10T19:40:57","slug":"maria-clara-diaz-granados-fuentes","status":"publish","type":"page","link":"https:\/\/librosdeoro.cafam.com.co\/libro2020\/maria-clara-diaz-granados-fuentes\/","title":{"rendered":"Mar\u00eda Clara D\u00edaz Granados Fuentes"},"content":{"rendered":"<div class=\"wp-block-image\">\n<figure class=\"aligncenter\"><img decoding=\"async\" src=\"https:\/\/librosdeoro.cafam.com.co\/wp-content\/uploads\/sites\/9\/2020\/02\/ATLANTICO-MARIA-CLARA-GRANADOS-FUENTES-IMAV_1899.jpg\" alt=\"\" class=\"wp-image-1677\" \/><\/figure><\/div>\n\n\n<h3 class=\"wp-block-heading\"><\/h3>\n\n\n\n<h1 class=\"wp-block-heading\">Mar\u00eda Clara D\u00edaz Granados Fuentes<\/h1>\n\n\n\n<h2 class=\"wp-block-heading\">Mujer Cafam Atl\u00e1ntico<\/h2>\n\n\n\n<h3 class=\"wp-block-heading\">La solidaridad cura enfermedades<\/h3>\n\n\n\n<figure class=\"wp-block-table\"><table class=\"has-fixed-layout\"><tbody><tr><td colspan=\"2\">Andrea, la hija menor de Mar\u00eda Clara, fue diagnosticada con Leucemia Mieloide a los 5 a\u00f1os de edad, una noticia devastadora para cualquier familia. Cuando Mar\u00eda Clara y su familia recibieron esa noticia en Colombia no hab\u00eda protocolo para realizarle un trasplante de m\u00e9dula \u00f3sea, por lo que viajaron al exterior para que Andrea pudiera recibir dicho tratamiento y ser trasplantada. All\u00ed Andrea y su familia vivieron en una casa-hogar donde todos los ni\u00f1os y sus familias padec\u00edan alg\u00fan tipo de c\u00e1ncer y estaban en tratamiento. Despu\u00e9s de nueve meses de extenuantes quimioterapias y hospitalizaciones Andrea tuvo una reca\u00edda, no logr\u00f3 ser trasplantada y falleci\u00f3 antes de cumplir sus 6 a\u00f1os de edad. Y como resultado de ese esp\u00edritu de convicci\u00f3n, tambi\u00e9n ha sido la gestora de la Asociaci\u00f3n sin L\u00edmites de Personas en Situaci\u00f3n de Discapacidad.<\/td><td colspan=\"2\">En Colombia, 40% de los ni\u00f1os diagnosticados con c\u00e1ncer fallecen por mal diagn\u00f3stico, diagn\u00f3stico tard\u00edo o abandono al tratamiento debido a la incapacidad econ\u00f3mica para pagar un transporte, la imposibilidad de contar con un lugar donde hospedarse y alimentarse. Por estas razones y en honor a Andrea, la hija de Mar\u00eda Clara, en el a\u00f1o 2012 naci\u00f3 la Fundaci\u00f3n Casa Hogar Andrea, para promover y mejorar la calidad de vida de ni\u00f1os y ni\u00f1as de estratos 1, 2 y 3 en la costa Atl\u00e1ntica colombiana que padecen enfermedades hemato-oncol\u00f3gicas. Durante su tratamiento ellos y sus familias reciben gratuitamente hospedaje, alimentaci\u00f3n, transporte, recreaci\u00f3n, apoyo emocional y econ\u00f3mico a trav\u00e9s de un grupo interdisciplinario conformado por psic\u00f3logos, educadores, m\u00e9dicos, enfermeras y nutricionistas; con estas acciones se busca combatir el abandono al tratamiento de los ni\u00f1os con c\u00e1ncer.<\/td><\/tr><\/tbody><\/table><\/figure>\n\n\n\n<figure class=\"wp-block-table\"><table class=\"has-fixed-layout\"><tbody><tr><td>\u00bfQui\u00e9n Mar\u00eda Clara? Mar\u00eda Clara naci\u00f3 en Barranquilla, Atl\u00e1ntico, el 10 de diciembre de 1962, es tecn\u00f3loga en Educaci\u00f3n Infantil y licenciada en Educaci\u00f3n de la Universidad del Norte, es casada y madre de 3 hijas. ESeg\u00fan Mar\u00eda Clara: \u201cSiete a\u00f1os despu\u00e9s de haber abierto las puertas Fundaci\u00f3n Andrea Casa Hogar para ni\u00f1os con c\u00e1ncer, recibimos con alegr\u00eda y satisfacci\u00f3n la confirmaci\u00f3n que un buen grupo de nuestros primeros ni\u00f1os diagnosticados, han sido curados. Por eso estamos convencidos de que se ha cumplido uno de nuestros principales objetivos: \u2018combatir el abandono al tratamiento\u2019. Esto nos impulsa a continuar creciendo con mucho amor cada d\u00eda, en medio de grandes dificultades para lograr que estos pacientes tengan una mejor calidad de vida\u201d.<\/td><\/tr><\/tbody><\/table><\/figure>\n\n\n\n<figure class=\"wp-block-table\"><table class=\"has-fixed-layout\"><tbody><tr><td><img loading=\"lazy\" decoding=\"async\" src=\"https:\/\/librosdeoro.cafam.com.co\/wp-content\/uploads\/sites\/9\/2020\/09\/Atlantico.png\" alt=\"\" width=\"950\" height=\"525\"><\/td><\/tr><\/tbody><\/table><\/figure>\n\n\n\n<div class=\"wp-block-buttons is-content-justification-center is-layout-flex wp-container-core-buttons-is-layout-16018d1d wp-block-buttons-is-layout-flex\">\n<div class=\"wp-block-button is-style-fill\" id=\"https:\/\/librosdeoro.cafam.com.co\/libro2020\/mujeres-cafam-1989-2019\/\"><a class=\"wp-block-button__link has-col-f-9-f-9-f-9-color has-col-a-0-bd-3-f-background-color has-text-color has-background has-link-color wp-element-button\" href=\"https:\/\/librosdeoro.cafam.com.co\/libro2020\/mujeres-finalistas\/\" style=\"border-radius:16px\">Volver<\/a><\/div>\n<\/div>\n\n\n\n<p><\/p>\n","protected":false},"excerpt":{"rendered":"<p>Mar\u00eda Clara D\u00edaz Granados Fuentes Mujer Cafam Atl\u00e1ntico La solidaridad cura enfermedades Andrea, la hija menor de Mar\u00eda Clara, fue diagnosticada con Leucemia Mieloide a los 5 a\u00f1os de edad, una noticia devastadora para cualquier familia. Cuando Mar\u00eda Clara y su familia recibieron esa noticia en Colombia no hab\u00eda protocolo para realizarle un trasplante de [&hellip;]<\/p>\n","protected":false},"author":4,"featured_media":0,"parent":0,"menu_order":0,"comment_status":"closed","ping_status":"closed","template":"","meta":{"footnotes":""},"class_list":["post-3724","page","type-page","status-publish","hentry"],"yoast_head":"<!-- This site is optimized with the Yoast SEO plugin v23.1 - https:\/\/yoast.com\/wordpress\/plugins\/seo\/ -->\n<title>Mar\u00eda Clara D\u00edaz Granados Fuentes - Libros de Oro 2020<\/title>\n<meta name=\"robots\" content=\"index, follow, max-snippet:-1, max-image-preview:large, max-video-preview:-1\" \/>\n<link rel=\"canonical\" href=\"https:\/\/librosdeoro.cafam.com.co\/libro2020\/maria-clara-diaz-granados-fuentes\/\" \/>\n<meta property=\"og:locale\" content=\"es_ES\" \/>\n<meta property=\"og:type\" content=\"article\" \/>\n<meta property=\"og:title\" content=\"Mar\u00eda Clara D\u00edaz Granados Fuentes - Libros de Oro 2020\" \/>\n<meta property=\"og:description\" content=\"Mar\u00eda Clara D\u00edaz Granados Fuentes Mujer Cafam Atl\u00e1ntico La solidaridad cura enfermedades Andrea, la hija menor de Mar\u00eda Clara, fue diagnosticada con Leucemia Mieloide a los 5 a\u00f1os de edad, una noticia devastadora para cualquier familia. Cuando Mar\u00eda Clara y su familia recibieron esa noticia en Colombia no hab\u00eda protocolo para realizarle un trasplante de [&hellip;]\" \/>\n<meta property=\"og:url\" content=\"https:\/\/librosdeoro.cafam.com.co\/libro2020\/maria-clara-diaz-granados-fuentes\/\" \/>\n<meta property=\"og:site_name\" content=\"Libros de Oro 2020\" \/>\n<meta property=\"article:modified_time\" content=\"2025-07-10T19:40:57+00:00\" \/>\n<meta property=\"og:image\" content=\"https:\/\/librosdeoro.cafam.com.co\/wp-content\/uploads\/sites\/9\/2020\/02\/ATLANTICO-MARIA-CLARA-GRANADOS-FUENTES-IMAV_1899.jpg\" \/>\n<meta name=\"twitter:card\" content=\"summary_large_image\" \/>\n<meta name=\"twitter:label1\" content=\"Tiempo de lectura\" \/>\n\t<meta name=\"twitter:data1\" content=\"3 minutos\" \/>\n<script type=\"application\/ld+json\" class=\"yoast-schema-graph\">{\"@context\":\"https:\/\/schema.org\",\"@graph\":[{\"@type\":\"WebPage\",\"@id\":\"https:\/\/librosdeoro.cafam.com.co\/libro2020\/maria-clara-diaz-granados-fuentes\/\",\"url\":\"https:\/\/librosdeoro.cafam.com.co\/libro2020\/maria-clara-diaz-granados-fuentes\/\",\"name\":\"Mar\u00eda Clara D\u00edaz Granados Fuentes - Libros de Oro 2020\",\"isPartOf\":{\"@id\":\"https:\/\/librosdeoro.cafam.com.co\/libro2020\/#website\"},\"primaryImageOfPage\":{\"@id\":\"https:\/\/librosdeoro.cafam.com.co\/libro2020\/maria-clara-diaz-granados-fuentes\/#primaryimage\"},\"image\":{\"@id\":\"https:\/\/librosdeoro.cafam.com.co\/libro2020\/maria-clara-diaz-granados-fuentes\/#primaryimage\"},\"thumbnailUrl\":\"https:\/\/librosdeoro.cafam.com.co\/wp-content\/uploads\/sites\/9\/2020\/02\/ATLANTICO-MARIA-CLARA-GRANADOS-FUENTES-IMAV_1899.jpg\",\"datePublished\":\"2025-07-10T19:40:56+00:00\",\"dateModified\":\"2025-07-10T19:40:57+00:00\",\"breadcrumb\":{\"@id\":\"https:\/\/librosdeoro.cafam.com.co\/libro2020\/maria-clara-diaz-granados-fuentes\/#breadcrumb\"},\"inLanguage\":\"es-CO\",\"potentialAction\":[{\"@type\":\"ReadAction\",\"target\":[\"https:\/\/librosdeoro.cafam.com.co\/libro2020\/maria-clara-diaz-granados-fuentes\/\"]}]},{\"@type\":\"ImageObject\",\"inLanguage\":\"es-CO\",\"@id\":\"https:\/\/librosdeoro.cafam.com.co\/libro2020\/maria-clara-diaz-granados-fuentes\/#primaryimage\",\"url\":\"https:\/\/librosdeoro.cafam.com.co\/wp-content\/uploads\/sites\/9\/2020\/02\/ATLANTICO-MARIA-CLARA-GRANADOS-FUENTES-IMAV_1899.jpg\",\"contentUrl\":\"https:\/\/librosdeoro.cafam.com.co\/wp-content\/uploads\/sites\/9\/2020\/02\/ATLANTICO-MARIA-CLARA-GRANADOS-FUENTES-IMAV_1899.jpg\"},{\"@type\":\"BreadcrumbList\",\"@id\":\"https:\/\/librosdeoro.cafam.com.co\/libro2020\/maria-clara-diaz-granados-fuentes\/#breadcrumb\",\"itemListElement\":[{\"@type\":\"ListItem\",\"position\":1,\"name\":\"Home\",\"item\":\"https:\/\/librosdeoro.cafam.com.co\/libro2020\/\"},{\"@type\":\"ListItem\",\"position\":2,\"name\":\"Mar\u00eda Clara D\u00edaz Granados Fuentes\"}]},{\"@type\":\"WebSite\",\"@id\":\"https:\/\/librosdeoro.cafam.com.co\/libro2020\/#website\",\"url\":\"https:\/\/librosdeoro.cafam.com.co\/libro2020\/\",\"name\":\"Libros de Oro 2020\",\"description\":\"\",\"potentialAction\":[{\"@type\":\"SearchAction\",\"target\":{\"@type\":\"EntryPoint\",\"urlTemplate\":\"https:\/\/librosdeoro.cafam.com.co\/libro2020\/?s={search_term_string}\"},\"query-input\":\"required name=search_term_string\"}],\"inLanguage\":\"es-CO\"}]}<\/script>\n<!-- \/ Yoast SEO plugin. -->","yoast_head_json":{"title":"Mar\u00eda Clara D\u00edaz Granados Fuentes - Libros de Oro 2020","robots":{"index":"index","follow":"follow","max-snippet":"max-snippet:-1","max-image-preview":"max-image-preview:large","max-video-preview":"max-video-preview:-1"},"canonical":"https:\/\/librosdeoro.cafam.com.co\/libro2020\/maria-clara-diaz-granados-fuentes\/","og_locale":"es_ES","og_type":"article","og_title":"Mar\u00eda Clara D\u00edaz Granados Fuentes - Libros de Oro 2020","og_description":"Mar\u00eda Clara D\u00edaz Granados Fuentes Mujer Cafam Atl\u00e1ntico La solidaridad cura enfermedades Andrea, la hija menor de Mar\u00eda Clara, fue diagnosticada con Leucemia Mieloide a los 5 a\u00f1os de edad, una noticia devastadora para cualquier familia. Cuando Mar\u00eda Clara y su familia recibieron esa noticia en Colombia no hab\u00eda protocolo para realizarle un trasplante de [&hellip;]","og_url":"https:\/\/librosdeoro.cafam.com.co\/libro2020\/maria-clara-diaz-granados-fuentes\/","og_site_name":"Libros de Oro 2020","article_modified_time":"2025-07-10T19:40:57+00:00","og_image":[{"url":"https:\/\/librosdeoro.cafam.com.co\/wp-content\/uploads\/sites\/9\/2020\/02\/ATLANTICO-MARIA-CLARA-GRANADOS-FUENTES-IMAV_1899.jpg"}],"twitter_card":"summary_large_image","twitter_misc":{"Tiempo de lectura":"3 minutos"},"schema":{"@context":"https:\/\/schema.org","@graph":[{"@type":"WebPage","@id":"https:\/\/librosdeoro.cafam.com.co\/libro2020\/maria-clara-diaz-granados-fuentes\/","url":"https:\/\/librosdeoro.cafam.com.co\/libro2020\/maria-clara-diaz-granados-fuentes\/","name":"Mar\u00eda Clara D\u00edaz Granados Fuentes - Libros de Oro 2020","isPartOf":{"@id":"https:\/\/librosdeoro.cafam.com.co\/libro2020\/#website"},"primaryImageOfPage":{"@id":"https:\/\/librosdeoro.cafam.com.co\/libro2020\/maria-clara-diaz-granados-fuentes\/#primaryimage"},"image":{"@id":"https:\/\/librosdeoro.cafam.com.co\/libro2020\/maria-clara-diaz-granados-fuentes\/#primaryimage"},"thumbnailUrl":"https:\/\/librosdeoro.cafam.com.co\/wp-content\/uploads\/sites\/9\/2020\/02\/ATLANTICO-MARIA-CLARA-GRANADOS-FUENTES-IMAV_1899.jpg","datePublished":"2025-07-10T19:40:56+00:00","dateModified":"2025-07-10T19:40:57+00:00","breadcrumb":{"@id":"https:\/\/librosdeoro.cafam.com.co\/libro2020\/maria-clara-diaz-granados-fuentes\/#breadcrumb"},"inLanguage":"es-CO","potentialAction":[{"@type":"ReadAction","target":["https:\/\/librosdeoro.cafam.com.co\/libro2020\/maria-clara-diaz-granados-fuentes\/"]}]},{"@type":"ImageObject","inLanguage":"es-CO","@id":"https:\/\/librosdeoro.cafam.com.co\/libro2020\/maria-clara-diaz-granados-fuentes\/#primaryimage","url":"https:\/\/librosdeoro.cafam.com.co\/wp-content\/uploads\/sites\/9\/2020\/02\/ATLANTICO-MARIA-CLARA-GRANADOS-FUENTES-IMAV_1899.jpg","contentUrl":"https:\/\/librosdeoro.cafam.com.co\/wp-content\/uploads\/sites\/9\/2020\/02\/ATLANTICO-MARIA-CLARA-GRANADOS-FUENTES-IMAV_1899.jpg"},{"@type":"BreadcrumbList","@id":"https:\/\/librosdeoro.cafam.com.co\/libro2020\/maria-clara-diaz-granados-fuentes\/#breadcrumb","itemListElement":[{"@type":"ListItem","position":1,"name":"Home","item":"https:\/\/librosdeoro.cafam.com.co\/libro2020\/"},{"@type":"ListItem","position":2,"name":"Mar\u00eda Clara D\u00edaz Granados Fuentes"}]},{"@type":"WebSite","@id":"https:\/\/librosdeoro.cafam.com.co\/libro2020\/#website","url":"https:\/\/librosdeoro.cafam.com.co\/libro2020\/","name":"Libros de Oro 2020","description":"","potentialAction":[{"@type":"SearchAction","target":{"@type":"EntryPoint","urlTemplate":"https:\/\/librosdeoro.cafam.com.co\/libro2020\/?s={search_term_string}"},"query-input":"required name=search_term_string"}],"inLanguage":"es-CO"}]}},"_links":{"self":[{"href":"https:\/\/librosdeoro.cafam.com.co\/libro2020\/wp-json\/wp\/v2\/pages\/3724","targetHints":{"allow":["GET"]}}],"collection":[{"href":"https:\/\/librosdeoro.cafam.com.co\/libro2020\/wp-json\/wp\/v2\/pages"}],"about":[{"href":"https:\/\/librosdeoro.cafam.com.co\/libro2020\/wp-json\/wp\/v2\/types\/page"}],"author":[{"embeddable":true,"href":"https:\/\/librosdeoro.cafam.com.co\/libro2020\/wp-json\/wp\/v2\/users\/4"}],"replies":[{"embeddable":true,"href":"https:\/\/librosdeoro.cafam.com.co\/libro2020\/wp-json\/wp\/v2\/comments?post=3724"}],"version-history":[{"count":1,"href":"https:\/\/librosdeoro.cafam.com.co\/libro2020\/wp-json\/wp\/v2\/pages\/3724\/revisions"}],"predecessor-version":[{"id":3726,"href":"https:\/\/librosdeoro.cafam.com.co\/libro2020\/wp-json\/wp\/v2\/pages\/3724\/revisions\/3726"}],"wp:attachment":[{"href":"https:\/\/librosdeoro.cafam.com.co\/libro2020\/wp-json\/wp\/v2\/media?parent=3724"}],"curies":[{"name":"wp","href":"https:\/\/api.w.org\/{rel}","templated":true}]}}