{"id":3692,"date":"2025-07-10T13:52:35","date_gmt":"2025-07-10T13:52:35","guid":{"rendered":"https:\/\/librosdeoro.cafam.com.co\/libro2020\/?page_id=3692"},"modified":"2025-07-10T13:52:36","modified_gmt":"2025-07-10T13:52:36","slug":"ludirlena-perez-carvajal","status":"publish","type":"page","link":"https:\/\/librosdeoro.cafam.com.co\/libro2020\/ludirlena-perez-carvajal\/","title":{"rendered":"Ludirlena P\u00e9rez Carvajal"},"content":{"rendered":"\n<div class=\"wp-block-columns is-layout-flex wp-container-core-columns-is-layout-9d6595d7 wp-block-columns-is-layout-flex\">\n<div class=\"wp-block-column is-layout-flow wp-block-column-is-layout-flow\" style=\"flex-basis:33.33%\">\n<figure class=\"wp-block-image size-large\"><img loading=\"lazy\" decoding=\"async\" width=\"806\" height=\"1030\" src=\"https:\/\/librosdeoro.cafam.com.co\/libro2020\/wp-content\/uploads\/sites\/9\/2020\/06\/31\u00ba-2019-806x1030.jpg\" alt=\"\" class=\"wp-image-2582\" srcset=\"https:\/\/librosdeoro.cafam.com.co\/libro2020\/wp-content\/uploads\/sites\/9\/2020\/06\/31\u00ba-2019-806x1030.jpg 806w, https:\/\/librosdeoro.cafam.com.co\/libro2020\/wp-content\/uploads\/sites\/9\/2020\/06\/31\u00ba-2019-235x300.jpg 235w, https:\/\/librosdeoro.cafam.com.co\/libro2020\/wp-content\/uploads\/sites\/9\/2020\/06\/31\u00ba-2019-768x982.jpg 768w, https:\/\/librosdeoro.cafam.com.co\/libro2020\/wp-content\/uploads\/sites\/9\/2020\/06\/31\u00ba-2019-552x705.jpg 552w, https:\/\/librosdeoro.cafam.com.co\/libro2020\/wp-content\/uploads\/sites\/9\/2020\/06\/31\u00ba-2019.jpg 1000w\" sizes=\"auto, (max-width: 806px) 100vw, 806px\" \/><\/figure>\n<\/div>\n\n\n\n<div class=\"wp-block-column is-layout-flow wp-block-column-is-layout-flow\" style=\"flex-basis:66.66%\"><h2 class=\"wp-block-post-title\">Ludirlena P\u00e9rez Carvajal<\/h2>\n\n\n<p><strong>Resiliencia<\/strong><\/p>\n\n\n\n<p>Fue v\u00edctima de violencia sexual, secuestro y desplazamiento forzado en el marco del conflicto armado colombiano. Por muchos a\u00f1os, guard\u00f3 silencio negando esos terribles recuerdos en su mente. Por eso en 2009 nace la Organizaci\u00f3n Mujeres V\u00edctimas \u201cGestionando Paz\u201d y desde entonces ha beneficiado a m\u00e1s de 5.000 personas que han vivido este flagelo.<\/p>\n\n\n\n<div class=\"wp-block-buttons is-content-justification-center is-layout-flex wp-container-core-buttons-is-layout-16018d1d wp-block-buttons-is-layout-flex\">\n<div class=\"wp-block-button is-style-fill\" id=\"https:\/\/librosdeoro.cafam.com.co\/libro2020\/mujeres-cafam-1989-2019\/\"><a class=\"wp-block-button__link has-col-f-9-f-9-f-9-color has-col-a-0-bd-3-f-background-color has-text-color has-background has-link-color wp-element-button\" href=\"https:\/\/librosdeoro.cafam.com.co\/libro2020\/mujeres-cafam-1989-2019\/\" style=\"border-radius:16px\">Volver<\/a><\/div>\n<\/div>\n<\/div>\n<\/div>\n","protected":false},"excerpt":{"rendered":"<p>Resiliencia Fue v\u00edctima de violencia sexual, secuestro y desplazamiento forzado en el marco del conflicto armado colombiano. Por muchos a\u00f1os, guard\u00f3 silencio negando esos terribles recuerdos en su mente. Por eso en 2009 nace la Organizaci\u00f3n Mujeres V\u00edctimas \u201cGestionando Paz\u201d y desde entonces ha beneficiado a m\u00e1s de 5.000 personas que han vivido este flagelo.<\/p>\n","protected":false},"author":4,"featured_media":0,"parent":0,"menu_order":0,"comment_status":"closed","ping_status":"closed","template":"","meta":{"footnotes":""},"class_list":["post-3692","page","type-page","status-publish","hentry"],"yoast_head":"<!-- This site is optimized with the Yoast SEO plugin v23.1 - https:\/\/yoast.com\/wordpress\/plugins\/seo\/ -->\n<title>Ludirlena P\u00e9rez Carvajal - Libros de Oro 2020<\/title>\n<meta name=\"robots\" content=\"index, follow, max-snippet:-1, max-image-preview:large, max-video-preview:-1\" \/>\n<link rel=\"canonical\" href=\"https:\/\/librosdeoro.cafam.com.co\/libro2020\/ludirlena-perez-carvajal\/\" \/>\n<meta property=\"og:locale\" content=\"es_ES\" \/>\n<meta property=\"og:type\" content=\"article\" \/>\n<meta property=\"og:title\" content=\"Ludirlena P\u00e9rez Carvajal - Libros de Oro 2020\" \/>\n<meta property=\"og:description\" content=\"Resiliencia Fue v\u00edctima de violencia sexual, secuestro y desplazamiento forzado en el marco del conflicto armado colombiano. Por muchos a\u00f1os, guard\u00f3 silencio negando esos terribles recuerdos en su mente. Por eso en 2009 nace la Organizaci\u00f3n Mujeres V\u00edctimas \u201cGestionando Paz\u201d y desde entonces ha beneficiado a m\u00e1s de 5.000 personas que han vivido este flagelo.\" \/>\n<meta property=\"og:url\" content=\"https:\/\/librosdeoro.cafam.com.co\/libro2020\/ludirlena-perez-carvajal\/\" \/>\n<meta property=\"og:site_name\" content=\"Libros de Oro 2020\" \/>\n<meta property=\"article:modified_time\" content=\"2025-07-10T13:52:36+00:00\" \/>\n<meta name=\"twitter:card\" content=\"summary_large_image\" \/>\n<meta name=\"twitter:label1\" content=\"Tiempo de lectura\" \/>\n\t<meta name=\"twitter:data1\" content=\"1 minuto\" \/>\n<script type=\"application\/ld+json\" class=\"yoast-schema-graph\">{\"@context\":\"https:\/\/schema.org\",\"@graph\":[{\"@type\":\"WebPage\",\"@id\":\"https:\/\/librosdeoro.cafam.com.co\/libro2020\/ludirlena-perez-carvajal\/\",\"url\":\"https:\/\/librosdeoro.cafam.com.co\/libro2020\/ludirlena-perez-carvajal\/\",\"name\":\"Ludirlena P\u00e9rez Carvajal - Libros de Oro 2020\",\"isPartOf\":{\"@id\":\"https:\/\/librosdeoro.cafam.com.co\/libro2020\/#website\"},\"datePublished\":\"2025-07-10T13:52:35+00:00\",\"dateModified\":\"2025-07-10T13:52:36+00:00\",\"breadcrumb\":{\"@id\":\"https:\/\/librosdeoro.cafam.com.co\/libro2020\/ludirlena-perez-carvajal\/#breadcrumb\"},\"inLanguage\":\"es-CO\",\"potentialAction\":[{\"@type\":\"ReadAction\",\"target\":[\"https:\/\/librosdeoro.cafam.com.co\/libro2020\/ludirlena-perez-carvajal\/\"]}]},{\"@type\":\"BreadcrumbList\",\"@id\":\"https:\/\/librosdeoro.cafam.com.co\/libro2020\/ludirlena-perez-carvajal\/#breadcrumb\",\"itemListElement\":[{\"@type\":\"ListItem\",\"position\":1,\"name\":\"Home\",\"item\":\"https:\/\/librosdeoro.cafam.com.co\/libro2020\/\"},{\"@type\":\"ListItem\",\"position\":2,\"name\":\"Ludirlena P\u00e9rez Carvajal\"}]},{\"@type\":\"WebSite\",\"@id\":\"https:\/\/librosdeoro.cafam.com.co\/libro2020\/#website\",\"url\":\"https:\/\/librosdeoro.cafam.com.co\/libro2020\/\",\"name\":\"Libros de Oro 2020\",\"description\":\"\",\"potentialAction\":[{\"@type\":\"SearchAction\",\"target\":{\"@type\":\"EntryPoint\",\"urlTemplate\":\"https:\/\/librosdeoro.cafam.com.co\/libro2020\/?s={search_term_string}\"},\"query-input\":\"required name=search_term_string\"}],\"inLanguage\":\"es-CO\"}]}<\/script>\n<!-- \/ Yoast SEO plugin. -->","yoast_head_json":{"title":"Ludirlena P\u00e9rez Carvajal - Libros de Oro 2020","robots":{"index":"index","follow":"follow","max-snippet":"max-snippet:-1","max-image-preview":"max-image-preview:large","max-video-preview":"max-video-preview:-1"},"canonical":"https:\/\/librosdeoro.cafam.com.co\/libro2020\/ludirlena-perez-carvajal\/","og_locale":"es_ES","og_type":"article","og_title":"Ludirlena P\u00e9rez Carvajal - Libros de Oro 2020","og_description":"Resiliencia Fue v\u00edctima de violencia sexual, secuestro y desplazamiento forzado en el marco del conflicto armado colombiano. Por muchos a\u00f1os, guard\u00f3 silencio negando esos terribles recuerdos en su mente. Por eso en 2009 nace la Organizaci\u00f3n Mujeres V\u00edctimas \u201cGestionando Paz\u201d y desde entonces ha beneficiado a m\u00e1s de 5.000 personas que han vivido este flagelo.","og_url":"https:\/\/librosdeoro.cafam.com.co\/libro2020\/ludirlena-perez-carvajal\/","og_site_name":"Libros de Oro 2020","article_modified_time":"2025-07-10T13:52:36+00:00","twitter_card":"summary_large_image","twitter_misc":{"Tiempo de lectura":"1 minuto"},"schema":{"@context":"https:\/\/schema.org","@graph":[{"@type":"WebPage","@id":"https:\/\/librosdeoro.cafam.com.co\/libro2020\/ludirlena-perez-carvajal\/","url":"https:\/\/librosdeoro.cafam.com.co\/libro2020\/ludirlena-perez-carvajal\/","name":"Ludirlena P\u00e9rez Carvajal - Libros de Oro 2020","isPartOf":{"@id":"https:\/\/librosdeoro.cafam.com.co\/libro2020\/#website"},"datePublished":"2025-07-10T13:52:35+00:00","dateModified":"2025-07-10T13:52:36+00:00","breadcrumb":{"@id":"https:\/\/librosdeoro.cafam.com.co\/libro2020\/ludirlena-perez-carvajal\/#breadcrumb"},"inLanguage":"es-CO","potentialAction":[{"@type":"ReadAction","target":["https:\/\/librosdeoro.cafam.com.co\/libro2020\/ludirlena-perez-carvajal\/"]}]},{"@type":"BreadcrumbList","@id":"https:\/\/librosdeoro.cafam.com.co\/libro2020\/ludirlena-perez-carvajal\/#breadcrumb","itemListElement":[{"@type":"ListItem","position":1,"name":"Home","item":"https:\/\/librosdeoro.cafam.com.co\/libro2020\/"},{"@type":"ListItem","position":2,"name":"Ludirlena P\u00e9rez Carvajal"}]},{"@type":"WebSite","@id":"https:\/\/librosdeoro.cafam.com.co\/libro2020\/#website","url":"https:\/\/librosdeoro.cafam.com.co\/libro2020\/","name":"Libros de Oro 2020","description":"","potentialAction":[{"@type":"SearchAction","target":{"@type":"EntryPoint","urlTemplate":"https:\/\/librosdeoro.cafam.com.co\/libro2020\/?s={search_term_string}"},"query-input":"required name=search_term_string"}],"inLanguage":"es-CO"}]}},"_links":{"self":[{"href":"https:\/\/librosdeoro.cafam.com.co\/libro2020\/wp-json\/wp\/v2\/pages\/3692","targetHints":{"allow":["GET"]}}],"collection":[{"href":"https:\/\/librosdeoro.cafam.com.co\/libro2020\/wp-json\/wp\/v2\/pages"}],"about":[{"href":"https:\/\/librosdeoro.cafam.com.co\/libro2020\/wp-json\/wp\/v2\/types\/page"}],"author":[{"embeddable":true,"href":"https:\/\/librosdeoro.cafam.com.co\/libro2020\/wp-json\/wp\/v2\/users\/4"}],"replies":[{"embeddable":true,"href":"https:\/\/librosdeoro.cafam.com.co\/libro2020\/wp-json\/wp\/v2\/comments?post=3692"}],"version-history":[{"count":1,"href":"https:\/\/librosdeoro.cafam.com.co\/libro2020\/wp-json\/wp\/v2\/pages\/3692\/revisions"}],"predecessor-version":[{"id":3693,"href":"https:\/\/librosdeoro.cafam.com.co\/libro2020\/wp-json\/wp\/v2\/pages\/3692\/revisions\/3693"}],"wp:attachment":[{"href":"https:\/\/librosdeoro.cafam.com.co\/libro2020\/wp-json\/wp\/v2\/media?parent=3692"}],"curies":[{"name":"wp","href":"https:\/\/api.w.org\/{rel}","templated":true}]}}