{"id":3005,"date":"2020-08-27T19:54:02","date_gmt":"2020-08-27T19:54:02","guid":{"rendered":"https:\/\/librosdeoro.cafam.com.co\/libro2020\/?page_id=3005"},"modified":"2020-09-18T20:54:13","modified_gmt":"2020-09-18T20:54:13","slug":"mujer-cafam-del-ano","status":"publish","type":"page","link":"https:\/\/librosdeoro.cafam.com.co\/libro2020\/mujer-cafam-del-ano\/","title":{"rendered":"Mujer Cafam del a\u00f1o"},"content":{"rendered":"<div id='full_slider_1'  class='avia-fullwidth-slider main_color avia-shadow   avia-builder-el-0  el_before_av_section  avia-builder-el-first   container_wrap sidebar_right' style=' '  ><div   data-size='large'  data-lightbox_size='large'  data-animation='slide'  data-conditional_play=''  data-ids='1681'  data-video_counter='0'  data-autoplay='false'  data-bg_slider='false'  data-slide_height=''  data-handle='av_slideshow_full'  data-interval='5'  data-class=' '  data-el_id=''  data-css_id=''  data-scroll_down=''  data-control_layout='av-control-default'  data-custom_markup=''  data-perma_caption=''  data-autoplay_stopper=''  data-image_attachment=''  data-min_height='0px'  data-src=''  data-position='top left'  data-repeat='no-repeat'  data-attach='scroll'  data-stretch=''  class='avia-slideshow avia-slideshow-1  av-control-default av-default-height-applied avia-slideshow-large av_slideshow_full   avia-slide-slider '  itemprop=\"image\" itemscope=\"itemscope\" itemtype=\"https:\/\/schema.org\/ImageObject\" ><ul class='avia-slideshow-inner ' style='padding-bottom: 58.30078125%;' ><li  class=' av-single-slide slide-1 ' ><div data-rel='slideshow-1' class='avia-slide-wrap '   ><img src='https:\/\/librosdeoro.cafam.com.co\/libro2020\/wp-content\/uploads\/sites\/9\/2020\/02\/BOGOTA-JOHANA-CAROLINA-BAHAMON-IMAV_0759-1030x601.jpg' width='1024' height='597' title='BOGOTA JOHANA CAROLINA BAHAMON IMAV_0759' alt=''  itemprop=\"thumbnailUrl\"   \/><\/div><\/li><\/ul><\/div><\/div>\n<div id='av_section_1'  class='avia-section main_color avia-section-default avia-no-border-styling  avia-bg-style-scroll  avia-builder-el-1  el_after_av_slideshow_full  avia-builder-el-last   container_wrap sidebar_right' style='background-repeat: no-repeat; background-image: url(https:\/\/librosdeoro.cafam.com.co\/libro2020\/wp-content\/uploads\/sites\/9\/2020\/09\/Mesa-de-trabajo-5-1.png);background-attachment: scroll; background-position: center center;  '  data-section-bg-repeat='no-repeat'><div class='container' ><div class='template-page content  av-content-small alpha units'><div class='post-entry post-entry-type-page post-entry-3005'><div class='entry-content-wrapper clearfix'>\n<div  style='padding-bottom:10px; ' class='av-special-heading av-special-heading-h1  blockquote modern-quote modern-centered  avia-builder-el-2  el_before_av_hr  avia-builder-el-first  '><h1 class='av-special-heading-tag '  itemprop=\"headline\"  >Johana Baham\u00f3n G\u00f3mez<\/h1><div class ='av-subheading av-subheading_below  ' style='font-size:15px;'><h2>Mujer Cafam Bogot\u00e1 <\/h2>\n<\/div><div class='special-heading-border'><div class='special-heading-inner-border' ><\/div><\/div><\/div>\n<div  style='height:50px' class='hr hr-invisible   avia-builder-el-3  el_after_av_heading  el_before_av_heading '><span class='hr-inner ' ><span class='hr-inner-style'><\/span><\/span><\/div>\n<div  style='padding-bottom:10px; ' class='av-special-heading av-special-heading-h1  blockquote modern-quote modern-centered  avia-builder-el-4  el_after_av_hr  el_before_av_textblock  '><h1 class='av-special-heading-tag '  itemprop=\"headline\"  >Barrotes de libertad<\/h1><div class='special-heading-border'><div class='special-heading-inner-border' ><\/div><\/div><\/div>\n<section class=\"av_textblock_section \"  itemscope=\"itemscope\" itemtype=\"https:\/\/schema.org\/CreativeWork\" ><div class='avia_textblock  '   itemprop=\"text\" ><blockquote>\n<p style=\"text-align: right;\">\u201c<em>Todos hemos cometido errores. Todos hemos pedido segundas oportunidades y a la gran mayor\u00eda nos las han dado. Es momento que comencemos no solo a dar, sino a generar espacios para personas que no han tenido ni una oportunidad en su vida\u201d.<\/em><\/p>\n<p style=\"text-align: right;\"><em>Johana Baham\u00f3n<\/em><\/p>\n<\/blockquote>\n<\/div><\/section>\n<div class=\"flex_column av_one_half  flex_column_div av-zero-column-padding first  avia-builder-el-6  el_after_av_textblock  el_before_av_one_half  column-top-margin\" style='border-radius:0px; '><section class=\"av_textblock_section \"  itemscope=\"itemscope\" itemtype=\"https:\/\/schema.org\/CreativeWork\" ><div class='avia_textblock  '   itemprop=\"text\" ><p>Las c\u00e1rceles son un mundo irreal dentro de lo real, un universo paralelo lleno de situaciones impensadas, de amores, de alegr\u00edas, de tristezas, de personas que forman parte de la condici\u00f3n humana en todas sus dimensiones, pero en ese mundo tambi\u00e9n hay mujeres y hombres con talentos escondidos y estos fue lo que Johana supo c\u00f3mo descubrir all\u00ed.<\/p>\n<p>Johana, luego de participar como actriz en 15 producciones televisivas, se retir\u00f3 de la actuaci\u00f3n para dedicarse a trabajar en las c\u00e1rceles en procura de las segundas oportunidades para los internos.<\/p>\n<p>En el a\u00f1o 2012 cre\u00f3 un grupo de teatro en el centro de reclusi\u00f3n de mujeres \u201cEl Buen Pastor de Bogot\u00e1\u201d, con el que empez\u00f3 su vinculaci\u00f3n al sector carcelario. En el 2013 constituy\u00f3 la Fundaci\u00f3n Teatro Interno, hoy <strong>Fundaci\u00f3n Acci\u00f3n Interna<\/strong>.<\/p>\n<p>Y la actividad de Johana como \u201cGestora de segundas oportunidades\u201d mediante la conceptualizaci\u00f3n, puesta en marcha y evaluaci\u00f3n de diversas plataformas culturales que permitan la reconciliaci\u00f3n de esta poblaci\u00f3n con ellos mismos, con sus familias y con la sociedad en general.<\/p>\n<p>La Fundaci\u00f3n propende por mejorar la calidad de vida de la poblaci\u00f3n carcelaria y pospenada en el pa\u00eds, mediante oportunidades y escenarios de reconciliaci\u00f3n y resocializaci\u00f3n, a trav\u00e9s del desarrollo de sus capacidades y la generaci\u00f3n de proyectos productivos sostenibles social y econ\u00f3micamente.<\/p>\n<\/div><\/section><\/div><div class=\"flex_column av_one_half  flex_column_div av-zero-column-padding   avia-builder-el-8  el_after_av_one_half  el_before_av_hr  column-top-margin\" style='border-radius:0px; '><section class=\"av_textblock_section \"  itemscope=\"itemscope\" itemtype=\"https:\/\/schema.org\/CreativeWork\" ><div class='avia_textblock  '   itemprop=\"text\" ><p>Lo anterior se cumple mediante tres programas: Teatro Interno, Crecimiento Interno y Trabajo Interno, cada uno con sus propios proyectos y actividades productivas como el Restaurante Interno en Cartagena o la primera Agencia de Publicidad del mundo en la c\u00e1rcel La Modelo de Bogot\u00e1, entre otros proyectos dentro de las c\u00e1rceles de Colombia.<\/p>\n<p>Johana es creadora del I, II y III Festival Nacional de Teatro Carcelario. Organizadora del primer TEDx en una c\u00e1rcel de Am\u00e9rica Latina (TEDx Buen Pastor: C\u00f3mo Convertir Errores en Oportunidades), miembro del Comit\u00e9 Dignidad Carcelaria del Ministerio de Justicia y del Derecho (desde el 2013). Cofundadora de Casa Libertad, un espacio para atenci\u00f3n al pospenado en alianza con el Ministerio de Justicia, Inpec, Colsubsidio y la Alcald\u00eda de Bogot\u00e1.<\/p>\n<p>Gestora, fundadora y creadora del primer restaurante en el mundo abierto al p\u00fablico en una c\u00e1rcel de mujeres, Restaurante Interno, seleccionado por la revista <em>Time <\/em>como uno de los 100 Mejores Lugares del Mundo en el 2018<\/p>\n<p>En el 2014 Johana fue nombrada por el Ministerio de Justicia y del Derecho de Colombia como Embajadora de Buena Voluntad para promover la resocializaci\u00f3n y humanizaci\u00f3n del sistema penitenciario. Adem\u00e1s, es ganadora del Premio Cafam a la Mujer en su edici\u00f3n n\u00famero 32 del a\u00f1o 2020.<\/p>\n<\/div><\/section><\/div><div  style='height:50px' class='hr hr-invisible   avia-builder-el-10  el_after_av_one_half  el_before_av_one_full '><span class='hr-inner ' ><span class='hr-inner-style'><\/span><\/span><\/div>\n<div class=\"flex_column av_one_full  flex_column_div av-zero-column-padding first  avia-builder-el-11  el_after_av_hr  el_before_av_hr  \" style='background:url(https:\/\/librosdeoro.cafam.com.co\/libro2020\/wp-content\/uploads\/sites\/9\/2020\/09\/Mesa-de-trabajo-5-copia.png) center center no-repeat ; box-shadow: 0 0 3px 0 #0a0a0a; -webkit-transform: scale(1.1); -ms-transform: scale(1.1); transform: scale(1.1); z-index: 4;border-radius:3px; '><p><div  style='padding-bottom:10px; ' class='av-special-heading av-special-heading-h2  blockquote modern-quote  avia-builder-el-12  el_before_av_textblock  avia-builder-el-first  '><h2 class='av-special-heading-tag '  itemprop=\"headline\"  >\u00bfQui\u00e9n es Johana?<\/h2><div class='special-heading-border'><div class='special-heading-inner-border' ><\/div><\/div><\/div><br \/>\n<section class=\"av_textblock_section \"  itemscope=\"itemscope\" itemtype=\"https:\/\/schema.org\/CreativeWork\" ><div class='avia_textblock  '   itemprop=\"text\" ><p style=\"\n    color: #000;\n    padding: 43px;\n\">Johana naci\u00f3 en Cali, Valle del Cauca, el 27 de julio de 1982, es profesional en Administraci\u00f3n de Empresas del Colegio de Estudios Superiores de Administraci\u00f3n &#8211; CESA de Bogot\u00e1. En el a\u00f1o 2000 inici\u00f3 su carrera actoral y complement\u00f3 sus estudios con cursos y talleres de actuaci\u00f3n en Bogot\u00e1 y en la New York Film Academy.<\/p>\n<p style=\"\n    color: #000;\n    padding: 43px;\n\">Ha participado como conferencista en eventos como el Women&#8217;s Forum for Society and Economy en Desoville, Francia, y Sao Pablo, Brazil; TEDx Mujeres Bogot\u00e1, Woman True North en M\u00e9xico y Demand Solutions en Miami, EXMA Colombia, Alta Consejer\u00eda para los derechos de las V\u00edctimas, la Paz y la Reconciliaci\u00f3n. En el a\u00f1o 2017 fue nombrada Embajadora de Reconciliaci\u00f3n por la OEA. Ganadora del premio Emprendedor Social del a\u00f1o EY (Ernst &#038; Young) 2017. Fue seleccionada por la Fundaci\u00f3n Obama como una de las diez l\u00edderes de Colombia.<\/p>\n<p style=\"\n    color: #000;\n    padding: 43px;\n\">Es galardonada con el Premio \u201cL\u00edder Incluyente 2019\u201d otorgado por la Fundaci\u00f3n ANDI y USAID, por el desarrollo de estrategias de competitividad inclusivas para la poblaci\u00f3n vulnerable.<\/p>\n<\/div><\/section><\/p><\/div><div   class='hr hr-default   avia-builder-el-14  el_after_av_one_full  el_before_av_image '><span class='hr-inner ' ><span class='hr-inner-style'><\/span><\/span><\/div>\n<div  class='avia-image-container  av-styling-    avia-builder-el-15  el_after_av_hr  el_before_av_hr  avia-align-center '  itemprop=\"image\" itemscope=\"itemscope\" itemtype=\"https:\/\/schema.org\/ImageObject\"  ><div class='avia-image-container-inner'><div class='avia-image-overlay-wrap'><img class='avia_image' src='https:\/\/librosdeoro.cafam.com.co\/libro2020\/wp-content\/uploads\/sites\/9\/2020\/09\/Bogota.png' alt='' title='Bogota' height=\"525\" width=\"950\"  itemprop=\"thumbnailUrl\"  \/><\/div><\/div><\/div>\n<div   class='hr hr-default   avia-builder-el-16  el_after_av_image  el_before_av_horizontal_gallery  avia-builder-el-last '><span class='hr-inner ' ><span class='hr-inner-style'><\/span><\/span><\/div>\n<div  class='av-horizontal-gallery av-horizontal-gallery-1px-gap av-horizontal-gallery-enlarge-effect av-horizontal-gallery-1  avia-builder-el-17  el_after_av_hr  avia-builder-el-last  av-control-default '  itemprop=\"image\" itemscope=\"itemscope\" itemtype=\"https:\/\/schema.org\/ImageObject\"  style='padding: 3.75% 0px;' data-av-enlarge='1.3'  ><div class='avia-slideshow-arrows avia-slideshow-controls'><a href='#prev' class='prev-slide av-horizontal-gallery-prev' aria-hidden='true' data-av_icon='\ue87c' data-av_iconfont='entypo-fontello'>Previous<\/a><a href='#next' class='next-slide av-horizontal-gallery-next' aria-hidden='true' data-av_icon='\ue87d' data-av_iconfont='entypo-fontello'>Next <\/a><\/div><div class='av-horizontal-gallery-inner' style='padding-bottom:25%' data-av-height='25'><div class='av-horizontal-gallery-slider'><div class='av-horizontal-gallery-wrap noHover'><img class='av-horizontal-gallery-img' width='300' height='214' src='https:\/\/librosdeoro.cafam.com.co\/libro2020\/wp-content\/uploads\/sites\/9\/2020\/09\/Soacha-Pospenada-Negocio-Ingrid-B.-300x214.jpg' title='Soacha Pospenada- Negocio Ingrid B.' alt='' \/><a href='https:\/\/librosdeoro.cafam.com.co\/libro2020\/wp-content\/uploads\/sites\/9\/2020\/09\/Soacha-Pospenada-Negocio-Ingrid-B..jpg'  class='av-horizontal-gallery-link' aria-hidden='true' data-av_icon='\ue869' data-av_iconfont='entypo-fontello' title='Soacha Pospenada- Negocio Ingrid B.'><\/a><\/div><div class='av-horizontal-gallery-wrap noHover'><img class='av-horizontal-gallery-img' width='300' height='214' src='https:\/\/librosdeoro.cafam.com.co\/libro2020\/wp-content\/uploads\/sites\/9\/2020\/09\/Segundas-Oportunidades-Teatro-Pospenados-300x214.jpg' title='Segundas Oportunidades- Teatro Pospenados' alt='' \/><a href='https:\/\/librosdeoro.cafam.com.co\/libro2020\/wp-content\/uploads\/sites\/9\/2020\/09\/Segundas-Oportunidades-Teatro-Pospenados.jpg'  class='av-horizontal-gallery-link' aria-hidden='true' data-av_icon='\ue869' data-av_iconfont='entypo-fontello' title='Segundas Oportunidades- Teatro Pospenados'><\/a><\/div><div class='av-horizontal-gallery-wrap noHover'><img class='av-horizontal-gallery-img' width='300' height='214' src='https:\/\/librosdeoro.cafam.com.co\/libro2020\/wp-content\/uploads\/sites\/9\/2020\/09\/Restaurante-Interno-300x214.png' title='Restaurante Interno' alt='' \/><a href='https:\/\/librosdeoro.cafam.com.co\/libro2020\/wp-content\/uploads\/sites\/9\/2020\/09\/Restaurante-Interno.png'  class='av-horizontal-gallery-link' aria-hidden='true' data-av_icon='\ue869' data-av_iconfont='entypo-fontello' title='Restaurante Interno'><\/a><\/div><div class='av-horizontal-gallery-wrap noHover'><img class='av-horizontal-gallery-img' width='300' height='214' src='https:\/\/librosdeoro.cafam.com.co\/libro2020\/wp-content\/uploads\/sites\/9\/2020\/09\/Restaurante-Interno-4-300x214.png' title='Restaurante Interno 4' alt='' \/><a href='https:\/\/librosdeoro.cafam.com.co\/libro2020\/wp-content\/uploads\/sites\/9\/2020\/09\/Restaurante-Interno-4.png'  class='av-horizontal-gallery-link' aria-hidden='true' data-av_icon='\ue869' data-av_iconfont='entypo-fontello' title='Restaurante Interno 4'><\/a><\/div><div class='av-horizontal-gallery-wrap noHover'><img class='av-horizontal-gallery-img' width='300' height='214' src='https:\/\/librosdeoro.cafam.com.co\/libro2020\/wp-content\/uploads\/sites\/9\/2020\/09\/MHB-2295-300x214.jpg' title='MHB-2295' alt='' \/><a href='https:\/\/librosdeoro.cafam.com.co\/libro2020\/wp-content\/uploads\/sites\/9\/2020\/09\/MHB-2295.jpg'  class='av-horizontal-gallery-link' aria-hidden='true' data-av_icon='\ue869' data-av_iconfont='entypo-fontello' title='MHB-2295'><\/a><\/div><div class='av-horizontal-gallery-wrap noHover'><img class='av-horizontal-gallery-img' width='300' height='214' src='https:\/\/librosdeoro.cafam.com.co\/libro2020\/wp-content\/uploads\/sites\/9\/2020\/09\/Guardia-Cartagena-300x214.jpg' title='Guardia Cartagena' alt='' \/><a href='https:\/\/librosdeoro.cafam.com.co\/libro2020\/wp-content\/uploads\/sites\/9\/2020\/09\/Guardia-Cartagena.jpg'  class='av-horizontal-gallery-link' aria-hidden='true' data-av_icon='\ue869' data-av_iconfont='entypo-fontello' title='Guardia Cartagena'><\/a><\/div><div class='av-horizontal-gallery-wrap noHover'><img class='av-horizontal-gallery-img' width='300' height='214' src='https:\/\/librosdeoro.cafam.com.co\/libro2020\/wp-content\/uploads\/sites\/9\/2020\/09\/Go-Lupe-300x214.png' title='Go Lupe' alt='' \/><a href='https:\/\/librosdeoro.cafam.com.co\/libro2020\/wp-content\/uploads\/sites\/9\/2020\/09\/Go-Lupe.png'  class='av-horizontal-gallery-link' aria-hidden='true' data-av_icon='\ue869' data-av_iconfont='entypo-fontello' title='Go Lupe'><\/a><\/div><div class='av-horizontal-gallery-wrap noHover'><img class='av-horizontal-gallery-img' width='300' height='214' src='https:\/\/librosdeoro.cafam.com.co\/libro2020\/wp-content\/uploads\/sites\/9\/2020\/09\/Agencia-Interna-Foto-4-300x214.jpg' title='Agencia Interna- Foto 4' alt='' \/><a href='https:\/\/librosdeoro.cafam.com.co\/libro2020\/wp-content\/uploads\/sites\/9\/2020\/09\/Agencia-Interna-Foto-4.jpg'  class='av-horizontal-gallery-link' aria-hidden='true' data-av_icon='\ue869' data-av_iconfont='entypo-fontello' title='Agencia Interna- Foto 4'><\/a><\/div><div class='av-horizontal-gallery-wrap noHover'><img class='av-horizontal-gallery-img' width='300' height='214' src='https:\/\/librosdeoro.cafam.com.co\/libro2020\/wp-content\/uploads\/sites\/9\/2020\/09\/Agencia-Interna-Foto-3-300x214.jpg' title='Agencia Interna- Foto 3' alt='' \/><a href='https:\/\/librosdeoro.cafam.com.co\/libro2020\/wp-content\/uploads\/sites\/9\/2020\/09\/Agencia-Interna-Foto-3.jpg'  class='av-horizontal-gallery-link' aria-hidden='true' data-av_icon='\ue869' data-av_iconfont='entypo-fontello' title='Agencia Interna- Foto 3'><\/a><\/div><div class='av-horizontal-gallery-wrap noHover'><img class='av-horizontal-gallery-img' width='300' height='214' src='https:\/\/librosdeoro.cafam.com.co\/libro2020\/wp-content\/uploads\/sites\/9\/2020\/09\/Agencia-Interna-Foto-2-300x214.jpg' title='Agencia Interna- Foto 2' alt='' \/><a href='https:\/\/librosdeoro.cafam.com.co\/libro2020\/wp-content\/uploads\/sites\/9\/2020\/09\/Agencia-Interna-Foto-2.jpg'  class='av-horizontal-gallery-link' aria-hidden='true' data-av_icon='\ue869' data-av_iconfont='entypo-fontello' title='Agencia Interna- Foto 2'><\/a><\/div><\/div><\/div><\/div>\n<\/div><\/div><\/div><!-- close content main div --><\/div><\/div><div id='after_section_1'  class='main_color av_default_container_wrap container_wrap sidebar_right' style=' '  ><div class='container' ><div class='template-page content  av-content-small alpha units'><div class='post-entry post-entry-type-page post-entry-3005'><div class='entry-content-wrapper clearfix'>\n","protected":false},"excerpt":{"rendered":"","protected":false},"author":2,"featured_media":0,"parent":0,"menu_order":0,"comment_status":"closed","ping_status":"closed","template":"","meta":{"footnotes":""},"class_list":["post-3005","page","type-page","status-publish","hentry"],"yoast_head":"<!-- This site is optimized with the Yoast SEO plugin v23.1 - https:\/\/yoast.com\/wordpress\/plugins\/seo\/ -->\n<title>Mujer Cafam del a\u00f1o - Libros de Oro 2020<\/title>\n<meta name=\"robots\" content=\"index, follow, max-snippet:-1, max-image-preview:large, max-video-preview:-1\" \/>\n<link rel=\"canonical\" href=\"https:\/\/librosdeoro.cafam.com.co\/libro2020\/mujer-cafam-del-ano\/\" \/>\n<meta property=\"og:locale\" content=\"es_ES\" \/>\n<meta property=\"og:type\" content=\"article\" \/>\n<meta property=\"og:title\" content=\"Mujer Cafam del a\u00f1o - Libros de Oro 2020\" \/>\n<meta property=\"og:url\" content=\"https:\/\/librosdeoro.cafam.com.co\/libro2020\/mujer-cafam-del-ano\/\" \/>\n<meta property=\"og:site_name\" content=\"Libros de Oro 2020\" \/>\n<meta property=\"article:modified_time\" content=\"2020-09-18T20:54:13+00:00\" \/>\n<meta name=\"twitter:card\" content=\"summary_large_image\" \/>\n<meta name=\"twitter:label1\" content=\"Tiempo de lectura\" \/>\n\t<meta name=\"twitter:data1\" content=\"10 minutos\" \/>\n<script type=\"application\/ld+json\" class=\"yoast-schema-graph\">{\"@context\":\"https:\/\/schema.org\",\"@graph\":[{\"@type\":\"WebPage\",\"@id\":\"https:\/\/librosdeoro.cafam.com.co\/libro2020\/mujer-cafam-del-ano\/\",\"url\":\"https:\/\/librosdeoro.cafam.com.co\/libro2020\/mujer-cafam-del-ano\/\",\"name\":\"Mujer Cafam del a\u00f1o - Libros de Oro 2020\",\"isPartOf\":{\"@id\":\"https:\/\/librosdeoro.cafam.com.co\/libro2020\/#website\"},\"datePublished\":\"2020-08-27T19:54:02+00:00\",\"dateModified\":\"2020-09-18T20:54:13+00:00\",\"breadcrumb\":{\"@id\":\"https:\/\/librosdeoro.cafam.com.co\/libro2020\/mujer-cafam-del-ano\/#breadcrumb\"},\"inLanguage\":\"es-CO\",\"potentialAction\":[{\"@type\":\"ReadAction\",\"target\":[\"https:\/\/librosdeoro.cafam.com.co\/libro2020\/mujer-cafam-del-ano\/\"]}]},{\"@type\":\"BreadcrumbList\",\"@id\":\"https:\/\/librosdeoro.cafam.com.co\/libro2020\/mujer-cafam-del-ano\/#breadcrumb\",\"itemListElement\":[{\"@type\":\"ListItem\",\"position\":1,\"name\":\"Home\",\"item\":\"https:\/\/librosdeoro.cafam.com.co\/libro2020\/\"},{\"@type\":\"ListItem\",\"position\":2,\"name\":\"Mujer Cafam del a\u00f1o\"}]},{\"@type\":\"WebSite\",\"@id\":\"https:\/\/librosdeoro.cafam.com.co\/libro2020\/#website\",\"url\":\"https:\/\/librosdeoro.cafam.com.co\/libro2020\/\",\"name\":\"Libros de Oro 2020\",\"description\":\"\",\"potentialAction\":[{\"@type\":\"SearchAction\",\"target\":{\"@type\":\"EntryPoint\",\"urlTemplate\":\"https:\/\/librosdeoro.cafam.com.co\/libro2020\/?s={search_term_string}\"},\"query-input\":\"required name=search_term_string\"}],\"inLanguage\":\"es-CO\"}]}<\/script>\n<!-- \/ Yoast SEO plugin. -->","yoast_head_json":{"title":"Mujer Cafam del a\u00f1o - Libros de Oro 2020","robots":{"index":"index","follow":"follow","max-snippet":"max-snippet:-1","max-image-preview":"max-image-preview:large","max-video-preview":"max-video-preview:-1"},"canonical":"https:\/\/librosdeoro.cafam.com.co\/libro2020\/mujer-cafam-del-ano\/","og_locale":"es_ES","og_type":"article","og_title":"Mujer Cafam del a\u00f1o - Libros de Oro 2020","og_url":"https:\/\/librosdeoro.cafam.com.co\/libro2020\/mujer-cafam-del-ano\/","og_site_name":"Libros de Oro 2020","article_modified_time":"2020-09-18T20:54:13+00:00","twitter_card":"summary_large_image","twitter_misc":{"Tiempo de lectura":"10 minutos"},"schema":{"@context":"https:\/\/schema.org","@graph":[{"@type":"WebPage","@id":"https:\/\/librosdeoro.cafam.com.co\/libro2020\/mujer-cafam-del-ano\/","url":"https:\/\/librosdeoro.cafam.com.co\/libro2020\/mujer-cafam-del-ano\/","name":"Mujer Cafam del a\u00f1o - Libros de Oro 2020","isPartOf":{"@id":"https:\/\/librosdeoro.cafam.com.co\/libro2020\/#website"},"datePublished":"2020-08-27T19:54:02+00:00","dateModified":"2020-09-18T20:54:13+00:00","breadcrumb":{"@id":"https:\/\/librosdeoro.cafam.com.co\/libro2020\/mujer-cafam-del-ano\/#breadcrumb"},"inLanguage":"es-CO","potentialAction":[{"@type":"ReadAction","target":["https:\/\/librosdeoro.cafam.com.co\/libro2020\/mujer-cafam-del-ano\/"]}]},{"@type":"BreadcrumbList","@id":"https:\/\/librosdeoro.cafam.com.co\/libro2020\/mujer-cafam-del-ano\/#breadcrumb","itemListElement":[{"@type":"ListItem","position":1,"name":"Home","item":"https:\/\/librosdeoro.cafam.com.co\/libro2020\/"},{"@type":"ListItem","position":2,"name":"Mujer Cafam del a\u00f1o"}]},{"@type":"WebSite","@id":"https:\/\/librosdeoro.cafam.com.co\/libro2020\/#website","url":"https:\/\/librosdeoro.cafam.com.co\/libro2020\/","name":"Libros de Oro 2020","description":"","potentialAction":[{"@type":"SearchAction","target":{"@type":"EntryPoint","urlTemplate":"https:\/\/librosdeoro.cafam.com.co\/libro2020\/?s={search_term_string}"},"query-input":"required name=search_term_string"}],"inLanguage":"es-CO"}]}},"_links":{"self":[{"href":"https:\/\/librosdeoro.cafam.com.co\/libro2020\/wp-json\/wp\/v2\/pages\/3005","targetHints":{"allow":["GET"]}}],"collection":[{"href":"https:\/\/librosdeoro.cafam.com.co\/libro2020\/wp-json\/wp\/v2\/pages"}],"about":[{"href":"https:\/\/librosdeoro.cafam.com.co\/libro2020\/wp-json\/wp\/v2\/types\/page"}],"author":[{"embeddable":true,"href":"https:\/\/librosdeoro.cafam.com.co\/libro2020\/wp-json\/wp\/v2\/users\/2"}],"replies":[{"embeddable":true,"href":"https:\/\/librosdeoro.cafam.com.co\/libro2020\/wp-json\/wp\/v2\/comments?post=3005"}],"version-history":[{"count":10,"href":"https:\/\/librosdeoro.cafam.com.co\/libro2020\/wp-json\/wp\/v2\/pages\/3005\/revisions"}],"predecessor-version":[{"id":3447,"href":"https:\/\/librosdeoro.cafam.com.co\/libro2020\/wp-json\/wp\/v2\/pages\/3005\/revisions\/3447"}],"wp:attachment":[{"href":"https:\/\/librosdeoro.cafam.com.co\/libro2020\/wp-json\/wp\/v2\/media?parent=3005"}],"curies":[{"name":"wp","href":"https:\/\/api.w.org\/{rel}","templated":true}]}}