{"id":2992,"date":"2020-08-27T19:50:04","date_gmt":"2020-08-27T19:50:04","guid":{"rendered":"https:\/\/librosdeoro.cafam.com.co\/libro2020\/?page_id=2992"},"modified":"2020-09-16T00:31:16","modified_gmt":"2020-09-16T00:31:16","slug":"a","status":"publish","type":"page","link":"https:\/\/librosdeoro.cafam.com.co\/libro2020\/a\/","title":{"rendered":"Palabras del Director de Cafam"},"content":{"rendered":"<div id='av_section_1'  class='avia-section main_color avia-section-default avia-no-border-styling  av-parallax-section avia-bg-style-parallax  avia-builder-el-0  el_before_av_one_full  avia-builder-el-first   container_wrap sidebar_right' style=' '  data-section-bg-repeat='no-repeat'><div class='av-parallax' data-avia-parallax-ratio='0.3' ><div class='av-parallax-inner main_color  avia-full-stretch' style = 'background-repeat: no-repeat; background-image: url(https:\/\/librosdeoro.cafam.com.co\/libro2020\/wp-content\/uploads\/sites\/9\/2020\/09\/Mesa-de-trabajo-9-728x1030.png);background-attachment: scroll; background-position: top center; ' ><\/div><\/div><div class='container' ><main  role=\"main\" itemprop=\"mainContentOfPage\"  class='template-page content  av-content-small alpha units'><div class='post-entry post-entry-type-page post-entry-2992'><div class='entry-content-wrapper clearfix'>\n<div class=\"flex_column av_one_half  flex_column_div av-zero-column-padding first  avia-builder-el-1  el_before_av_one_half  avia-builder-el-first  \" style='border-radius:0px; '><div  class='avia-image-container  av-styling-    avia-builder-el-2  avia-builder-el-no-sibling  avia-align-center '  itemprop=\"image\" itemscope=\"itemscope\" itemtype=\"https:\/\/schema.org\/ImageObject\"  ><div class='avia-image-container-inner'><div class='avia-image-overlay-wrap'><img class='avia_image' src='https:\/\/librosdeoro.cafam.com.co\/libro2020\/wp-content\/uploads\/sites\/9\/2020\/05\/MHB-1772-1030x687.jpg' alt='' title='MHB-1772' height=\"683\" width=\"1024\"  itemprop=\"thumbnailUrl\"  \/><\/div><\/div><\/div><\/div><div class=\"flex_column av_one_half  flex_column_div av-zero-column-padding   avia-builder-el-3  el_after_av_one_half  el_before_av_textblock  \" style='border-radius:0px; '><div  style='padding-bottom:10px; font-size:40px;' class='av-special-heading av-special-heading-h1  blockquote modern-quote modern-centered  avia-builder-el-4  avia-builder-el-no-sibling  av-inherit-size '><h1 class='av-special-heading-tag  av-medium-font-size-overwrite av-medium-font-size-40 av-small-font-size-overwrite av-small-font-size-22'  itemprop=\"headline\"  >Discurso Dr. Luis Gonzalo Giraldo Mar\u00edn <br \/>  32\u00b0 Premio Cafam a la Mujer <br \/> Bogot\u00e1, 5 de marzo de 2020<\/h1><div class='special-heading-border'><div class='special-heading-inner-border' ><\/div><\/div><\/div><\/div><section class=\"av_textblock_section \"  itemscope=\"itemscope\" itemtype=\"https:\/\/schema.org\/CreativeWork\" ><div class='avia_textblock  '   itemprop=\"text\" ><p style=\"text-align: justify;\">Buenos d\u00edas.<\/p>\n<p style=\"text-align: justify;\">Es un gusto y un honor contar con su compa\u00f1\u00eda en esta ocasi\u00f3n tan especial. En nombre de todo el equipo de Cafam, les doy la m\u00e1s cordial bienvenida.<\/p>\n<p style=\"text-align: justify;\">Desde hace 32 a\u00f1os nos hemos dado a la compleja misi\u00f3n de escudri\u00f1ar palmo a palmo el territorio nacional, en busca de mujeres que est\u00e9n transformando la realidad de su entorno social. Hasta hoy han sido cerca de 5.000 mujeres colombianas las que nos han compartido grandes e inspiradoras historias, al ser postuladas por otros miembros de su comunidad al Premio Cafam a la Mujer.<\/p>\n<p style=\"text-align: justify;\">Para el pa\u00eds, Cafam y sus funcionarios, este Premio se ha constituido en una experiencia transformadora. Hemos podido conocer y entender c\u00f3mo estas mujeres han sido art\u00edfices del mejoramiento de la calidad de vida de sus cong\u00e9neres, y c\u00f3mo han logrado restaurar y, en muchos casos, transformar el tejido social afectado por la pobreza, el conflicto, la distancia geogr\u00e1fica y la falta de oportunidades.<\/p>\n<p style=\"text-align: justify;\">Casi todas esas historias tienen un lugar com\u00fan: son obras silenciosas, invisibles, obras hechas sin m\u00e1s pretensi\u00f3n que acoger como propia la adversidad social que, con ambici\u00f3n, aspiran a solucionar o al menos mitigar y recibir, como reconocimiento, las sonrisas de quienes son objeto de su generosidad.<\/p>\n<\/div><\/section>\n<div class=\"flex_column av_one_half  flex_column_div av-zero-column-padding first  avia-builder-el-6  el_after_av_textblock  el_before_av_one_half  column-top-margin\" style='border-radius:0px; '><section class=\"av_textblock_section \"  itemscope=\"itemscope\" itemtype=\"https:\/\/schema.org\/CreativeWork\" ><div class='avia_textblock  '   itemprop=\"text\" ><p style=\"text-align: justify;\">Son historias de sacrificios, de trabajo denodado y constante, de una consagraci\u00f3n admirable y sin precedentes que ha devuelto la esperanza a millares de seres humanos que sufren por m\u00faltiples motivos en todos los rincones de nuestra patria.<\/p>\n<p style=\"text-align: justify;\">No existen palabras para agradecer el valioso aporte que ellas hacen a la sociedad. Han calmado el hambre de los ni\u00f1os, han acompa\u00f1ado la soledad de los ancianos, han encontrado soluciones a las m\u00e1s duras condiciones humanas que afrontan familias enteras; y con sus manos milagrosas saben acariciar con amor el alma de quienes sufren el rechazo social, la marginaci\u00f3n y los dolores profundos que ha generado la violencia.<\/p>\n<p style=\"text-align: justify;\">Por todo esto, es fundamental que el pa\u00eds las conozca; Colombia necesita saber que <strong>s\u00ed <\/strong>es posible superar todas las adversidades, y este evento es un esfuerzo que Cafam hace para que sean mujeres visibles. Creemos firmemente en la bondad de los seres humanos, en su capacidad de dar generosidad, de acoger como propio el sufrimiento ajeno y, fundamentalmente, creemos que la dignidad humana es un derecho incuestionable por el cual es necesario seguir trabajando por su respeto.<\/p>\n<p style=\"text-align: justify;\">Este a\u00f1o, de 214 mujeres postuladas, fueron elegidas 30 mujeres para representar a igual n\u00famero de departamentos del pa\u00eds. Cada una de ellas est\u00e1 logrando que poblaciones vulnerables tengan las herramientas que necesitan para salir adelante.<\/p>\n<p style=\"text-align: justify;\">Estas mujeres que engalanan este escenario representan la mejor faceta de los colombianos: esa que nos muestra que s\u00ed podemos ser solidarios a\u00fan en las circunstancias m\u00e1s adversas, ponernos en el lugar de otros y convertirnos en luz para tantos que lo necesitan.<\/p>\n<p style=\"text-align: justify;\">Ni\u00f1os enfermos de c\u00e1ncer y sus familias, mujeres afrodescendientes, v\u00edctimas de la violencia, recicladores que necesitan dignificar su trabajo para darle un sustento digno a sus hijos, personas en condici\u00f3n de discapacidad que necesitan oportunidades de inclusi\u00f3n laboral, familias enteras que padecen desnutrici\u00f3n severa y comunidades que necesitan proteger sus ecosistemas para garantizar as\u00ed su futuro, son solo algunas de las poblaciones beneficiadas por estas 30 mujeres que tienen ustedes frente a sus ojos y que son motivo de admiraci\u00f3n para nuestro pa\u00eds y el mundo.<\/p>\n<p style=\"text-align: justify;\">Mujeres Cafam\u2026 gracias, mil gracias en nombre de todos los colombianos por haberle apostado desde el coraz\u00f3n, con todo el esfuerzo y con toda la convicci\u00f3n a estos proyectos que ustedes representan. Sus familias, sus coterr\u00e1neos, sus departamentos y todo el pa\u00eds deben sentirse profundamente orgullosos de lo que ustedes han logrado.<\/p>\n<\/div><\/section><\/div><div class=\"flex_column av_one_half  flex_column_div av-zero-column-padding   avia-builder-el-8  el_after_av_one_half  avia-builder-el-last  column-top-margin\" style='border-radius:0px; '><section class=\"av_textblock_section \"  itemscope=\"itemscope\" itemtype=\"https:\/\/schema.org\/CreativeWork\" ><div class='avia_textblock  '   itemprop=\"text\" ><p style=\"text-align: justify;\">As\u00ed como en el a\u00f1o anterior quisimos hacer visibles las madres de quienes a trav\u00e9s del deporte han sido motivo de orgullo y gloria para nuestro pa\u00eds, esta vez, queremos visibilizar con sentida admiraci\u00f3n a las madres de grandes artistas y extraordinarios embajadores culturales de Colombia en el mundo. Ellas son, las mam\u00e1s de Carlos Vives, J Balvin, Maluma, Gusi, Yatra, Goyo y Fonseca.<\/p>\n<p style=\"text-align: justify;\">Tambi\u00e9n con sentimiento de gratitud y exaltaci\u00f3n invitamos a compartir este homenaje con igual raz\u00f3n, a otra madre meritoria, la periodista y presentadora In\u00e9s Mar\u00eda Zabara\u00edn, quien nos ha apoyado con gran dedicaci\u00f3n en el desarrollo y difusi\u00f3n de este Premio. A todas ellas que el pa\u00eds las admire como lo merecen.<\/p>\n<p style=\"text-align: justify;\">As\u00ed mismo, ser\u00eda absolutamente injusto que no reconoci\u00e9ramos que en este empe\u00f1o de visibilizar a estas mujeres transformadoras hemos contado con grandes aliados.<\/p>\n<p style=\"text-align: justify;\">En primer lugar, quiero dar las gracias a la Se\u00f1ora Mar\u00eda Juliana Ruiz Sandoval, Primera Dama de la Naci\u00f3n, quien hoy nos honra con su presencia. Sabemos que la misi\u00f3n de empoderar y alentar la labor de las l\u00edderes sociales es una de sus principales preocupaciones.<\/p>\n<p style=\"text-align: justify;\">Tambi\u00e9n quiero destacar el rol de las dem\u00e1s Cajas de Compensaci\u00f3n del pa\u00eds y los Clubes Rotarios, quienes han sido nuestra mano derecha en la b\u00fasqueda de estos proyectos invisibles y de las mujeres que con generosidad los desarrollan.<\/p>\n<p style=\"text-align: justify;\">De igual manera, extiendo un saludo de profundo agradecimiento al Jurado del Premio Cafam a la Mujer. A la abogada Mar\u00eda Luisa Mesa Zuleta; al periodista y abogado Juan Lozano Ram\u00edrez, a Mar\u00eda Teresa Peresson de Ria\u00f1o, una de las pioneras del Premio Cafam a la Mujer; al Padre Joaqu\u00edn S\u00e1nchez Garc\u00eda, licenciado en Filosof\u00eda y Letras, Ciencias de la Educaci\u00f3n y Teolog\u00eda; y al periodista Germ\u00e1n Santamar\u00eda Barrag\u00e1n. Gracias por aceptar nuestra invitaci\u00f3n y por dedicarle su tiempo y atenci\u00f3n a esta causa que nos une y nos compromete.<\/p>\n<p style=\"text-align: justify;\">Reconocimiento tambi\u00e9n para el equipo humano de Cafam que hace posible el \u00e9xito de este evento de trascendencia nacional y a su l\u00edder Martha Luc\u00eda Merch\u00e1n quien ha hecho de este Premio su propia raz\u00f3n de ser.<\/p>\n<p style=\"text-align: justify;\">Con el concurso de nuestras empresas afiliadas y sus trabajadores, seguiremos siendo aliados del Estado para el liderazgo de programas que beneficien a las poblaciones m\u00e1s vulnerables, y para seguir generando desarrollo y bienestar. Ese es nuestro objetivo misional, nuestro compromiso y nuestro mayor desaf\u00edo. Gracias por acompa\u00f1arnos en este camino.<\/p>\n<p style=\"text-align: justify;\">Muchas gracias a todos por su presencia en esta ceremonia, y a las mujeres Cafam, toda nuestra gratitud por lo que hacen con tanta entrega y sacrificio personal. Son ustedes gestoras de cambio, seres humanos \u00fanicos, extraordinarios e indispensables en el presente y futuro de nuestro pa\u00eds<\/p>\n<\/div><\/section><\/div><\/div><\/div><\/main><!-- close content main element --><\/div><\/div><div id='after_section_1'  class='main_color av_default_container_wrap container_wrap sidebar_right' style=' '  ><div class='container' ><div class='template-page content  av-content-small alpha units'><div class='post-entry post-entry-type-page post-entry-2992'><div class='entry-content-wrapper clearfix'><div class=\"flex_column av_one_full  flex_column_div av-zero-column-padding first  avia-builder-el-10  el_after_av_section  el_before_av_one_full  avia-builder-el-first  \" style='border-radius:0px; '><div  style='padding-bottom:10px; ' class='av-special-heading av-special-heading-h3  blockquote modern-quote modern-centered  avia-builder-el-11  avia-builder-el-no-sibling  '><h3 class='av-special-heading-tag '  itemprop=\"headline\"  >Hasta hoy han sido cerca de 5.000 mujeres colombianas las que nos han compartido grandes e inspiradoras historias, al ser postuladas por otros miembros de su comunidad al Premio Cafam a la Mujer.<\/h3><div class='special-heading-border'><div class='special-heading-inner-border' ><\/div><\/div><\/div><\/div>\n<div class=\"flex_column av_one_full  flex_column_div av-zero-column-padding first  avia-builder-el-12  el_after_av_one_full  el_before_av_one_full  column-top-margin\" style='border-radius:0px; '><div  style='padding-bottom:10px; ' class='av-special-heading av-special-heading-h3  blockquote modern-quote modern-centered  avia-builder-el-13  avia-builder-el-no-sibling  '><h3 class='av-special-heading-tag '  itemprop=\"headline\"  >\u2026 con sus manos milagrosas saben acariciar con amor el alma de quienes sufren el rechazo social, la marginaci\u00f3n y los dolores profundos que ha generado la violencia.<\/h3><div class='special-heading-border'><div class='special-heading-inner-border' ><\/div><\/div><\/div><\/div>\n<div class=\"flex_column av_one_full  flex_column_div av-zero-column-padding first  avia-builder-el-14  el_after_av_one_full  avia-builder-el-last  column-top-margin\" style='border-radius:0px; '><div  style='padding-bottom:10px; ' class='av-special-heading av-special-heading-h3  blockquote modern-quote modern-centered  avia-builder-el-15  avia-builder-el-no-sibling  '><h3 class='av-special-heading-tag '  itemprop=\"headline\"  >Mujeres Cafam\u2026 gracias, mil gracias en nombre de todos los colombianos por haberle apostado desde el coraz\u00f3n, con todo el esfuerzo y con toda la convicci\u00f3n a estos proyectos que ustedes representan.<\/h3><div class='special-heading-border'><div class='special-heading-inner-border' ><\/div><\/div><\/div><\/div>\n","protected":false},"excerpt":{"rendered":"","protected":false},"author":2,"featured_media":0,"parent":0,"menu_order":0,"comment_status":"closed","ping_status":"closed","template":"","meta":{"footnotes":""},"class_list":["post-2992","page","type-page","status-publish","hentry"],"yoast_head":"<!-- This site is optimized with the Yoast SEO plugin v23.1 - https:\/\/yoast.com\/wordpress\/plugins\/seo\/ -->\n<title>Palabras del Director de Cafam - Libros de Oro 2020<\/title>\n<meta name=\"robots\" content=\"index, follow, max-snippet:-1, max-image-preview:large, max-video-preview:-1\" \/>\n<link rel=\"canonical\" href=\"https:\/\/librosdeoro.cafam.com.co\/libro2020\/a\/\" \/>\n<meta property=\"og:locale\" content=\"es_ES\" \/>\n<meta property=\"og:type\" content=\"article\" \/>\n<meta property=\"og:title\" content=\"Palabras del Director de Cafam - Libros de Oro 2020\" \/>\n<meta property=\"og:url\" content=\"https:\/\/librosdeoro.cafam.com.co\/libro2020\/a\/\" \/>\n<meta property=\"og:site_name\" content=\"Libros de Oro 2020\" \/>\n<meta property=\"article:modified_time\" content=\"2020-09-16T00:31:16+00:00\" \/>\n<meta name=\"twitter:card\" content=\"summary_large_image\" \/>\n<meta name=\"twitter:label1\" content=\"Tiempo de lectura\" \/>\n\t<meta name=\"twitter:data1\" content=\"13 minutos\" \/>\n<script type=\"application\/ld+json\" class=\"yoast-schema-graph\">{\"@context\":\"https:\/\/schema.org\",\"@graph\":[{\"@type\":\"WebPage\",\"@id\":\"https:\/\/librosdeoro.cafam.com.co\/libro2020\/a\/\",\"url\":\"https:\/\/librosdeoro.cafam.com.co\/libro2020\/a\/\",\"name\":\"Palabras del Director de Cafam - Libros de Oro 2020\",\"isPartOf\":{\"@id\":\"https:\/\/librosdeoro.cafam.com.co\/libro2020\/#website\"},\"datePublished\":\"2020-08-27T19:50:04+00:00\",\"dateModified\":\"2020-09-16T00:31:16+00:00\",\"breadcrumb\":{\"@id\":\"https:\/\/librosdeoro.cafam.com.co\/libro2020\/a\/#breadcrumb\"},\"inLanguage\":\"es-CO\",\"potentialAction\":[{\"@type\":\"ReadAction\",\"target\":[\"https:\/\/librosdeoro.cafam.com.co\/libro2020\/a\/\"]}]},{\"@type\":\"BreadcrumbList\",\"@id\":\"https:\/\/librosdeoro.cafam.com.co\/libro2020\/a\/#breadcrumb\",\"itemListElement\":[{\"@type\":\"ListItem\",\"position\":1,\"name\":\"Home\",\"item\":\"https:\/\/librosdeoro.cafam.com.co\/libro2020\/\"},{\"@type\":\"ListItem\",\"position\":2,\"name\":\"Palabras del Director de Cafam\"}]},{\"@type\":\"WebSite\",\"@id\":\"https:\/\/librosdeoro.cafam.com.co\/libro2020\/#website\",\"url\":\"https:\/\/librosdeoro.cafam.com.co\/libro2020\/\",\"name\":\"Libros de Oro 2020\",\"description\":\"\",\"potentialAction\":[{\"@type\":\"SearchAction\",\"target\":{\"@type\":\"EntryPoint\",\"urlTemplate\":\"https:\/\/librosdeoro.cafam.com.co\/libro2020\/?s={search_term_string}\"},\"query-input\":\"required name=search_term_string\"}],\"inLanguage\":\"es-CO\"}]}<\/script>\n<!-- \/ Yoast SEO plugin. -->","yoast_head_json":{"title":"Palabras del Director de Cafam - Libros de Oro 2020","robots":{"index":"index","follow":"follow","max-snippet":"max-snippet:-1","max-image-preview":"max-image-preview:large","max-video-preview":"max-video-preview:-1"},"canonical":"https:\/\/librosdeoro.cafam.com.co\/libro2020\/a\/","og_locale":"es_ES","og_type":"article","og_title":"Palabras del Director de Cafam - Libros de Oro 2020","og_url":"https:\/\/librosdeoro.cafam.com.co\/libro2020\/a\/","og_site_name":"Libros de Oro 2020","article_modified_time":"2020-09-16T00:31:16+00:00","twitter_card":"summary_large_image","twitter_misc":{"Tiempo de lectura":"13 minutos"},"schema":{"@context":"https:\/\/schema.org","@graph":[{"@type":"WebPage","@id":"https:\/\/librosdeoro.cafam.com.co\/libro2020\/a\/","url":"https:\/\/librosdeoro.cafam.com.co\/libro2020\/a\/","name":"Palabras del Director de Cafam - Libros de Oro 2020","isPartOf":{"@id":"https:\/\/librosdeoro.cafam.com.co\/libro2020\/#website"},"datePublished":"2020-08-27T19:50:04+00:00","dateModified":"2020-09-16T00:31:16+00:00","breadcrumb":{"@id":"https:\/\/librosdeoro.cafam.com.co\/libro2020\/a\/#breadcrumb"},"inLanguage":"es-CO","potentialAction":[{"@type":"ReadAction","target":["https:\/\/librosdeoro.cafam.com.co\/libro2020\/a\/"]}]},{"@type":"BreadcrumbList","@id":"https:\/\/librosdeoro.cafam.com.co\/libro2020\/a\/#breadcrumb","itemListElement":[{"@type":"ListItem","position":1,"name":"Home","item":"https:\/\/librosdeoro.cafam.com.co\/libro2020\/"},{"@type":"ListItem","position":2,"name":"Palabras del Director de Cafam"}]},{"@type":"WebSite","@id":"https:\/\/librosdeoro.cafam.com.co\/libro2020\/#website","url":"https:\/\/librosdeoro.cafam.com.co\/libro2020\/","name":"Libros de Oro 2020","description":"","potentialAction":[{"@type":"SearchAction","target":{"@type":"EntryPoint","urlTemplate":"https:\/\/librosdeoro.cafam.com.co\/libro2020\/?s={search_term_string}"},"query-input":"required name=search_term_string"}],"inLanguage":"es-CO"}]}},"_links":{"self":[{"href":"https:\/\/librosdeoro.cafam.com.co\/libro2020\/wp-json\/wp\/v2\/pages\/2992","targetHints":{"allow":["GET"]}}],"collection":[{"href":"https:\/\/librosdeoro.cafam.com.co\/libro2020\/wp-json\/wp\/v2\/pages"}],"about":[{"href":"https:\/\/librosdeoro.cafam.com.co\/libro2020\/wp-json\/wp\/v2\/types\/page"}],"author":[{"embeddable":true,"href":"https:\/\/librosdeoro.cafam.com.co\/libro2020\/wp-json\/wp\/v2\/users\/2"}],"replies":[{"embeddable":true,"href":"https:\/\/librosdeoro.cafam.com.co\/libro2020\/wp-json\/wp\/v2\/comments?post=2992"}],"version-history":[{"count":7,"href":"https:\/\/librosdeoro.cafam.com.co\/libro2020\/wp-json\/wp\/v2\/pages\/2992\/revisions"}],"predecessor-version":[{"id":3415,"href":"https:\/\/librosdeoro.cafam.com.co\/libro2020\/wp-json\/wp\/v2\/pages\/2992\/revisions\/3415"}],"wp:attachment":[{"href":"https:\/\/librosdeoro.cafam.com.co\/libro2020\/wp-json\/wp\/v2\/media?parent=2992"}],"curies":[{"name":"wp","href":"https:\/\/api.w.org\/{rel}","templated":true}]}}